{"id":2920,"date":"2025-03-23T23:24:09","date_gmt":"2025-03-23T23:24:09","guid":{"rendered":"https:\/\/amsel-ara.com\/?page_id=2920"},"modified":"2025-03-23T23:34:33","modified_gmt":"2025-03-23T23:34:33","slug":"aviso-legal","status":"publish","type":"page","link":"https:\/\/amsel-ara.com\/pt\/aviso-legal\/","title":{"rendered":"Aviso Legal"},"content":{"rendered":"<div data-elementor-type=\"wp-page\" data-elementor-id=\"2920\" class=\"elementor elementor-2920\">\n\t\t\t\t<div class=\"elementor-element elementor-element-2d6f65eb e-flex e-con-boxed wpr-particle-no wpr-jarallax-no wpr-parallax-no wpr-sticky-section-no e-con e-parent\" data-id=\"2d6f65eb\" data-element_type=\"container\" id=\"introduction\" data-settings=\"{&quot;background_background&quot;:&quot;classic&quot;}\">\n\t\t\t\t\t<div class=\"e-con-inner\">\n\t\t<div class=\"elementor-element elementor-element-2ea78a59 e-con-full e-flex wpr-particle-no wpr-jarallax-no wpr-parallax-no wpr-sticky-section-no e-con e-child\" data-id=\"2ea78a59\" data-element_type=\"container\">\n\t\t\t\t<div class=\"elementor-element elementor-element-15f7adcd elementor-align-left jltma-glass-effect-no elementor-widget elementor-widget-button\" data-id=\"15f7adcd\" data-element_type=\"widget\" data-widget_type=\"button.default\">\n\t\t\t\t<div class=\"elementor-widget-container\">\n\t\t\t\t\t\t\t\t\t<div class=\"elementor-button-wrapper\">\n\t\t\t\t\t<a class=\"elementor-button elementor-size-sm\" role=\"button\">\n\t\t\t\t\t\t<span class=\"elementor-button-content-wrapper\">\n\t\t\t\t\t\t<span class=\"elementor-button-icon\">\n\t\t\t\t<i aria-hidden=\"true\" class=\"elementor-icons eicon-chevron-left\"><\/i>\t\t\t<\/span>\n\t\t\t\t\t\t\t\t\t<span class=\"elementor-button-text\">Voltar<\/span>\n\t\t\t\t\t<\/span>\n\t\t\t\t\t<\/a>\n\t\t\t\t<\/div>\n\t\t\t\t\t\t\t\t<\/div>\n\t\t\t\t<\/div>\n\t\t\t\t<div class=\"elementor-element elementor-element-b73d2f7 jltma-glass-effect-no elementor-widget elementor-widget-heading\" data-id=\"b73d2f7\" data-element_type=\"widget\" data-widget_type=\"heading.default\">\n\t\t\t\t<div class=\"elementor-widget-container\">\n\t\t\t\t\t<h2 class=\"elementor-heading-title elementor-size-default\">Aviso Legal<\/h2>\t\t\t\t<\/div>\n\t\t\t\t<\/div>\n\t\t\t\t<div class=\"elementor-element elementor-element-6f836de4 jltma-glass-effect-no elementor-widget elementor-widget-heading\" data-id=\"6f836de4\" data-element_type=\"widget\" data-widget_type=\"heading.default\">\n\t\t\t\t<div class=\"elementor-widget-container\">\n\t\t\t\t\t<h2 class=\"elementor-heading-title elementor-size-default\">Updated on 19\/11\/2024\n<\/h2>\t\t\t\t<\/div>\n\t\t\t\t<\/div>\n\t\t\t\t<div class=\"elementor-element elementor-element-18eb13a1 jltma-glass-effect-no elementor-widget elementor-widget-heading\" data-id=\"18eb13a1\" data-element_type=\"widget\" data-widget_type=\"heading.default\">\n\t\t\t\t<div class=\"elementor-widget-container\">\n\t\t\t\t\t<h2 class=\"elementor-heading-title elementor-size-default\">DRYAD LTDA <\/h2>\t\t\t\t<\/div>\n\t\t\t\t<\/div>\n\t\t\t\t<div class=\"elementor-element elementor-element-45c3d35c jltma-glass-effect-no elementor-widget elementor-widget-heading\" data-id=\"45c3d35c\" data-element_type=\"widget\" data-widget_type=\"heading.default\">\n\t\t\t\t<div class=\"elementor-widget-container\">\n\t\t\t\t\t<h2 class=\"elementor-heading-title elementor-size-default\">Avenue Faria Lima, 1739 - Box 276 - S\u00e3o Paulo - SP, Postal Code: 01452-001\n<\/h2>\t\t\t\t<\/div>\n\t\t\t\t<\/div>\n\t\t\t\t<div class=\"elementor-element elementor-element-5fce675e jltma-glass-effect-no elementor-widget elementor-widget-heading\" data-id=\"5fce675e\" data-element_type=\"widget\" data-widget_type=\"heading.default\">\n\t\t\t\t<div class=\"elementor-widget-container\">\n\t\t\t\t\t<p class=\"elementor-heading-title elementor-size-default\">Email: <a style=\"color:blue;font-weight:bold\" href=\"mailto:hello@amsel-ara.com\">hello@amsel-ara.com<\/a>\n<\/p>\t\t\t\t<\/div>\n\t\t\t\t<\/div>\n\t\t\t\t<div class=\"elementor-element elementor-element-78ff8fb7 jltma-glass-effect-no elementor-widget elementor-widget-heading\" data-id=\"78ff8fb7\" data-element_type=\"widget\" data-widget_type=\"heading.default\">\n\t\t\t\t<div class=\"elementor-widget-container\">\n\t\t\t\t\t<h2 class=\"elementor-heading-title elementor-size-default\"><b>Managing Director:<\/b> Torsten B\u00f6ttcher <\/h2>\t\t\t\t<\/div>\n\t\t\t\t<\/div>\n\t\t\t\t<div class=\"elementor-element elementor-element-4789fdae jltma-glass-effect-no elementor-widget elementor-widget-heading\" data-id=\"4789fdae\" data-element_type=\"widget\" data-widget_type=\"heading.default\">\n\t\t\t\t<div class=\"elementor-widget-container\">\n\t\t\t\t\t<h2 class=\"elementor-heading-title elementor-size-default\"><b>Diretor Executivo: <\/b>42.389.527\/0001-08<\/h2>\t\t\t\t<\/div>\n\t\t\t\t<\/div>\n\t\t\t\t<div class=\"elementor-element elementor-element-1292d259 jltma-glass-effect-no elementor-widget elementor-widget-heading\" data-id=\"1292d259\" data-element_type=\"widget\" data-widget_type=\"heading.default\">\n\t\t\t\t<div class=\"elementor-widget-container\">\n\t\t\t\t\t<h2 class=\"elementor-heading-title elementor-size-default\">Todo o conte\u00fado deste site pertence exclusivamente \u00e0 Amsel &amp; Ara e est\u00e1 protegido por direitos autorais. Qualquer reprodu\u00e7\u00e3o ou uso do material apresentado \u00e9 permitido apenas com autoriza\u00e7\u00e3o pr\u00e9via e por escrito dos propriet\u00e1rios.\n<\/h2>\t\t\t\t<\/div>\n\t\t\t\t<\/div>\n\t\t\t\t<div class=\"elementor-element elementor-element-44738bb1 jltma-glass-effect-no elementor-widget elementor-widget-heading\" data-id=\"44738bb1\" data-element_type=\"widget\" data-widget_type=\"heading.default\">\n\t\t\t\t<div class=\"elementor-widget-container\">\n\t\t\t\t\t<h2 class=\"elementor-heading-title elementor-size-default\">As informa\u00e7\u00f5es disponibilizadas aqui t\u00eam car\u00e1ter informativo e educacional e est\u00e3o sujeitas a modifica\u00e7\u00f5es a qualquer momento, sem aviso pr\u00e9vio. A Amsel &amp; Ara se esfor\u00e7a para manter os dados precisos e atualizados, mas n\u00e3o se responsabiliza por eventuais erros t\u00e9cnicos, editoriais ou omiss\u00f5es, nem garante a completude das informa\u00e7\u00f5es fornecidas.\n<\/h2>\t\t\t\t<\/div>\n\t\t\t\t<\/div>\n\t\t\t\t<div class=\"elementor-element elementor-element-7fa17dfb jltma-glass-effect-no elementor-widget elementor-widget-heading\" data-id=\"7fa17dfb\" data-element_type=\"widget\" data-widget_type=\"heading.default\">\n\t\t\t\t<div class=\"elementor-widget-container\">\n\t\t\t\t\t<h2 class=\"elementor-heading-title elementor-size-default\">Nenhuma garantia, declara\u00e7\u00e3o ou compromisso, seja expl\u00edcito ou impl\u00edcito, direto ou indireto, \u00e9 oferecido quanto \u00e0 precis\u00e3o ou integridade das informa\u00e7\u00f5es e opini\u00f5es contidas neste site. A Amsel &amp; Ara n\u00e3o assume qualquer responsabilidade por danos, preju\u00edzos ou consequ\u00eancias decorrentes do uso ou confian\u00e7a nas informa\u00e7\u00f5es apresentadas.\n<\/h2>\t\t\t\t<\/div>\n\t\t\t\t<\/div>\n\t\t\t\t<div class=\"elementor-element elementor-element-6fa4c3bf jltma-glass-effect-no elementor-widget elementor-widget-heading\" data-id=\"6fa4c3bf\" data-element_type=\"widget\" data-widget_type=\"heading.default\">\n\t\t\t\t<div class=\"elementor-widget-container\">\n\t\t\t\t\t<h2 class=\"elementor-heading-title elementor-size-default\">O conte\u00fado deste site \u00e9 confidencial e de uso exclusivo da Amsel &amp; Ara. A distribui\u00e7\u00e3o, c\u00f3pia, divulga\u00e7\u00e3o ou qualquer utiliza\u00e7\u00e3o deste material sem permiss\u00e3o expressa e por escrito da Amsel &amp; Ara \u00e9 proibida. O usu\u00e1rio \u00e9 aconselhado a realizar suas pr\u00f3prias avalia\u00e7\u00f5es e an\u00e1lises independentes antes de tomar qualquer decis\u00e3o de investimento, jur\u00eddica, comercial ou de outra natureza com base nas informa\u00e7\u00f5es aqui contidas.\n<\/h2>\t\t\t\t<\/div>\n\t\t\t\t<\/div>\n\t\t\t\t<\/div>\n\t\t\t\t\t<\/div>\n\t\t\t\t<\/div>\n\t\t\t\t<\/div>","protected":false},"excerpt":{"rendered":"<p>Back Aviso Legal Atualizada em 19\/11\/2024 DRYAD LTDA Avenue Faria Lima, 1739 &#8211; Box 276 &#8211; S\u00e3o Paulo &#8211; SP, Postal Code: 01452-001 Email: hello@amsel-ara.com Managing Director: Torsten B\u00f6ttcher Diretor Executivo: 42.389.527\/0001-08 Todo o conte\u00fado deste site pertence exclusivamente \u00e0 Amsel &amp; Ara e est\u00e1 protegido por direitos autorais. Qualquer reprodu\u00e7\u00e3o ou uso do material apresentado \u00e9 permitido apenas com autoriza\u00e7\u00e3o pr\u00e9via e por escrito dos propriet\u00e1rios. As informa\u00e7\u00f5es disponibilizadas aqui t\u00eam car\u00e1ter informativo e educacional e est\u00e3o sujeitas a modifica\u00e7\u00f5es a qualquer momento, sem aviso pr\u00e9vio. A Amsel &amp; Ara se esfor\u00e7a para manter os dados precisos e atualizados, mas n\u00e3o se responsabiliza por eventuais erros t\u00e9cnicos, editoriais ou omiss\u00f5es, nem garante a completude das informa\u00e7\u00f5es fornecidas. Nenhuma garantia, declara\u00e7\u00e3o ou compromisso, seja expl\u00edcito ou impl\u00edcito, direto ou indireto, \u00e9 oferecido quanto \u00e0 precis\u00e3o ou integridade das informa\u00e7\u00f5es e opini\u00f5es contidas neste site. A Amsel &amp; Ara n\u00e3o assume qualquer responsabilidade por danos, preju\u00edzos ou consequ\u00eancias decorrentes do uso ou confian\u00e7a nas informa\u00e7\u00f5es apresentadas. O conte\u00fado deste site \u00e9 confidencial e de uso exclusivo da Amsel &amp; Ara. A distribui\u00e7\u00e3o, c\u00f3pia, divulga\u00e7\u00e3o ou qualquer utiliza\u00e7\u00e3o deste material sem permiss\u00e3o expressa e por escrito da Amsel &amp; Ara \u00e9 proibida. O usu\u00e1rio \u00e9 aconselhado a realizar suas pr\u00f3prias avalia\u00e7\u00f5es e an\u00e1lises independentes antes de tomar qualquer decis\u00e3o de investimento, jur\u00eddica, comercial ou de outra natureza com base nas informa\u00e7\u00f5es aqui contidas.<\/p>","protected":false},"author":1,"featured_media":0,"parent":0,"menu_order":0,"comment_status":"closed","ping_status":"closed","template":"elementor_header_footer","meta":{"content-type":"","hide_page_title":"","footnotes":""},"class_list":["post-2920","page","type-page","status-publish","hentry"],"yoast_head":"<!-- This site is optimized with the Yoast SEO plugin v25.3.1 - https:\/\/yoast.com\/wordpress\/plugins\/seo\/ -->\n<title>Aviso Legal - Yes, we can be earths first sustainable generation<\/title>\n<meta name=\"robots\" content=\"index, follow, max-snippet:-1, max-image-preview:large, max-video-preview:-1\" \/>\n<link rel=\"canonical\" href=\"https:\/\/amsel-ara.com\/pt\/aviso-legal\/\" \/>\n<meta property=\"og:locale\" content=\"pt_BR\" \/>\n<meta property=\"og:type\" content=\"article\" \/>\n<meta property=\"og:title\" content=\"Aviso Legal - Yes, we can be earths first sustainable generation\" \/>\n<meta property=\"og:description\" content=\"Back Aviso Legal Atualizada em 19\/11\/2024 DRYAD LTDA Avenue Faria Lima, 1739 &#8211; Box 276 &#8211; S\u00e3o Paulo &#8211; SP, Postal Code: 01452-001 Email: hello@amsel-ara.com Managing Director: Torsten B\u00f6ttcher Diretor Executivo: 42.389.527\/0001-08 Todo o conte\u00fado deste site pertence exclusivamente \u00e0 Amsel &amp; Ara e est\u00e1 protegido por direitos autorais. Qualquer reprodu\u00e7\u00e3o ou uso do material apresentado \u00e9 permitido apenas com autoriza\u00e7\u00e3o pr\u00e9via e por escrito dos propriet\u00e1rios. As informa\u00e7\u00f5es disponibilizadas aqui t\u00eam car\u00e1ter informativo e educacional e est\u00e3o sujeitas a modifica\u00e7\u00f5es a qualquer momento, sem aviso pr\u00e9vio. A Amsel &amp; Ara se esfor\u00e7a para manter os dados precisos e atualizados, mas n\u00e3o se responsabiliza por eventuais erros t\u00e9cnicos, editoriais ou omiss\u00f5es, nem garante a completude das informa\u00e7\u00f5es fornecidas. Nenhuma garantia, declara\u00e7\u00e3o ou compromisso, seja expl\u00edcito ou impl\u00edcito, direto ou indireto, \u00e9 oferecido quanto \u00e0 precis\u00e3o ou integridade das informa\u00e7\u00f5es e opini\u00f5es contidas neste site. A Amsel &amp; Ara n\u00e3o assume qualquer responsabilidade por danos, preju\u00edzos ou consequ\u00eancias decorrentes do uso ou confian\u00e7a nas informa\u00e7\u00f5es apresentadas. O conte\u00fado deste site \u00e9 confidencial e de uso exclusivo da Amsel &amp; Ara. A distribui\u00e7\u00e3o, c\u00f3pia, divulga\u00e7\u00e3o ou qualquer utiliza\u00e7\u00e3o deste material sem permiss\u00e3o expressa e por escrito da Amsel &amp; Ara \u00e9 proibida. O usu\u00e1rio \u00e9 aconselhado a realizar suas pr\u00f3prias avalia\u00e7\u00f5es e an\u00e1lises independentes antes de tomar qualquer decis\u00e3o de investimento, jur\u00eddica, comercial ou de outra natureza com base nas informa\u00e7\u00f5es aqui contidas.\" \/>\n<meta property=\"og:url\" content=\"https:\/\/amsel-ara.com\/pt\/aviso-legal\/\" \/>\n<meta property=\"og:site_name\" content=\"- Yes, we can be earths first sustainable generation\" \/>\n<meta property=\"article:modified_time\" content=\"2025-03-23T23:34:33+00:00\" \/>\n<meta name=\"twitter:card\" content=\"summary_large_image\" \/>\n<meta name=\"twitter:label1\" content=\"Est. tempo de leitura\" \/>\n\t<meta name=\"twitter:data1\" content=\"1 minuto\" \/>\n<script type=\"application\/ld+json\" class=\"yoast-schema-graph\">{\"@context\":\"https:\/\/schema.org\",\"@graph\":[{\"@type\":\"WebPage\",\"@id\":\"https:\/\/amsel-ara.com\/pt\/aviso-legal\/\",\"url\":\"https:\/\/amsel-ara.com\/pt\/aviso-legal\/\",\"name\":\"Aviso Legal - Yes, we can be earths first sustainable generation\",\"isPartOf\":{\"@id\":\"https:\/\/amsel-ara.com\/pt\/#website\"},\"datePublished\":\"2025-03-23T23:24:09+00:00\",\"dateModified\":\"2025-03-23T23:34:33+00:00\",\"breadcrumb\":{\"@id\":\"https:\/\/amsel-ara.com\/pt\/aviso-legal\/#breadcrumb\"},\"inLanguage\":\"pt-BR\",\"potentialAction\":[{\"@type\":\"ReadAction\",\"target\":[\"https:\/\/amsel-ara.com\/pt\/aviso-legal\/\"]}]},{\"@type\":\"BreadcrumbList\",\"@id\":\"https:\/\/amsel-ara.com\/pt\/aviso-legal\/#breadcrumb\",\"itemListElement\":[{\"@type\":\"ListItem\",\"position\":1,\"name\":\"Home\",\"item\":\"https:\/\/amsel-ara.com\/pt\/\"},{\"@type\":\"ListItem\",\"position\":2,\"name\":\"Aviso Legal\"}]},{\"@type\":\"WebSite\",\"@id\":\"https:\/\/amsel-ara.com\/pt\/#website\",\"url\":\"https:\/\/amsel-ara.com\/pt\/\",\"name\":\"- Yes, we can be earths first sustainable generation\",\"description\":\"Build a future-proof, resilient business through corporate governance excellence and ESG principles.\",\"publisher\":{\"@id\":\"https:\/\/amsel-ara.com\/pt\/#organization\"},\"potentialAction\":[{\"@type\":\"SearchAction\",\"target\":{\"@type\":\"EntryPoint\",\"urlTemplate\":\"https:\/\/amsel-ara.com\/pt\/?s={search_term_string}\"},\"query-input\":{\"@type\":\"PropertyValueSpecification\",\"valueRequired\":true,\"valueName\":\"search_term_string\"}}],\"inLanguage\":\"pt-BR\"},{\"@type\":\"Organization\",\"@id\":\"https:\/\/amsel-ara.com\/pt\/#organization\",\"name\":\"Amsel & Ara - Yes, we can be earths first sustainable generation\",\"url\":\"https:\/\/amsel-ara.com\/pt\/\",\"logo\":{\"@type\":\"ImageObject\",\"inLanguage\":\"pt-BR\",\"@id\":\"https:\/\/amsel-ara.com\/pt\/#\/schema\/logo\/image\/\",\"url\":\"https:\/\/amsel-ara.com\/wp-content\/uploads\/2022\/04\/Amsel_Ara_Logo_web.jpg\",\"contentUrl\":\"https:\/\/amsel-ara.com\/wp-content\/uploads\/2022\/04\/Amsel_Ara_Logo_web.jpg\",\"width\":1652,\"height\":472,\"caption\":\"Amsel & Ara - Yes, we can be earths first sustainable generation\"},\"image\":{\"@id\":\"https:\/\/amsel-ara.com\/pt\/#\/schema\/logo\/image\/\"}}]}<\/script>\n<!-- \/ Yoast SEO plugin. -->","yoast_head_json":{"title":"Aviso Legal - Yes, we can be earths first sustainable generation","robots":{"index":"index","follow":"follow","max-snippet":"max-snippet:-1","max-image-preview":"max-image-preview:large","max-video-preview":"max-video-preview:-1"},"canonical":"https:\/\/amsel-ara.com\/pt\/aviso-legal\/","og_locale":"pt_BR","og_type":"article","og_title":"Aviso Legal - Yes, we can be earths first sustainable generation","og_description":"Back Aviso Legal Atualizada em 19\/11\/2024 DRYAD LTDA Avenue Faria Lima, 1739 &#8211; Box 276 &#8211; S\u00e3o Paulo &#8211; SP, Postal Code: 01452-001 Email: hello@amsel-ara.com Managing Director: Torsten B\u00f6ttcher Diretor Executivo: 42.389.527\/0001-08 Todo o conte\u00fado deste site pertence exclusivamente \u00e0 Amsel &amp; Ara e est\u00e1 protegido por direitos autorais. Qualquer reprodu\u00e7\u00e3o ou uso do material apresentado \u00e9 permitido apenas com autoriza\u00e7\u00e3o pr\u00e9via e por escrito dos propriet\u00e1rios. As informa\u00e7\u00f5es disponibilizadas aqui t\u00eam car\u00e1ter informativo e educacional e est\u00e3o sujeitas a modifica\u00e7\u00f5es a qualquer momento, sem aviso pr\u00e9vio. A Amsel &amp; Ara se esfor\u00e7a para manter os dados precisos e atualizados, mas n\u00e3o se responsabiliza por eventuais erros t\u00e9cnicos, editoriais ou omiss\u00f5es, nem garante a completude das informa\u00e7\u00f5es fornecidas. Nenhuma garantia, declara\u00e7\u00e3o ou compromisso, seja expl\u00edcito ou impl\u00edcito, direto ou indireto, \u00e9 oferecido quanto \u00e0 precis\u00e3o ou integridade das informa\u00e7\u00f5es e opini\u00f5es contidas neste site. A Amsel &amp; Ara n\u00e3o assume qualquer responsabilidade por danos, preju\u00edzos ou consequ\u00eancias decorrentes do uso ou confian\u00e7a nas informa\u00e7\u00f5es apresentadas. O conte\u00fado deste site \u00e9 confidencial e de uso exclusivo da Amsel &amp; Ara. A distribui\u00e7\u00e3o, c\u00f3pia, divulga\u00e7\u00e3o ou qualquer utiliza\u00e7\u00e3o deste material sem permiss\u00e3o expressa e por escrito da Amsel &amp; Ara \u00e9 proibida. O usu\u00e1rio \u00e9 aconselhado a realizar suas pr\u00f3prias avalia\u00e7\u00f5es e an\u00e1lises independentes antes de tomar qualquer decis\u00e3o de investimento, jur\u00eddica, comercial ou de outra natureza com base nas informa\u00e7\u00f5es aqui contidas.","og_url":"https:\/\/amsel-ara.com\/pt\/aviso-legal\/","og_site_name":"- Yes, we can be earths first sustainable generation","article_modified_time":"2025-03-23T23:34:33+00:00","twitter_card":"summary_large_image","twitter_misc":{"Est. tempo de leitura":"1 minuto"},"schema":{"@context":"https:\/\/schema.org","@graph":[{"@type":"WebPage","@id":"https:\/\/amsel-ara.com\/pt\/aviso-legal\/","url":"https:\/\/amsel-ara.com\/pt\/aviso-legal\/","name":"Aviso Legal - Yes, we can be earths first sustainable generation","isPartOf":{"@id":"https:\/\/amsel-ara.com\/pt\/#website"},"datePublished":"2025-03-23T23:24:09+00:00","dateModified":"2025-03-23T23:34:33+00:00","breadcrumb":{"@id":"https:\/\/amsel-ara.com\/pt\/aviso-legal\/#breadcrumb"},"inLanguage":"pt-BR","potentialAction":[{"@type":"ReadAction","target":["https:\/\/amsel-ara.com\/pt\/aviso-legal\/"]}]},{"@type":"BreadcrumbList","@id":"https:\/\/amsel-ara.com\/pt\/aviso-legal\/#breadcrumb","itemListElement":[{"@type":"ListItem","position":1,"name":"Home","item":"https:\/\/amsel-ara.com\/pt\/"},{"@type":"ListItem","position":2,"name":"Aviso Legal"}]},{"@type":"WebSite","@id":"https:\/\/amsel-ara.com\/pt\/#website","url":"https:\/\/amsel-ara.com\/pt\/","name":"- Yes, we can be earths first sustainable generation","description":"Build a future-proof, resilient business through corporate governance excellence and ESG principles.","publisher":{"@id":"https:\/\/amsel-ara.com\/pt\/#organization"},"potentialAction":[{"@type":"SearchAction","target":{"@type":"EntryPoint","urlTemplate":"https:\/\/amsel-ara.com\/pt\/?s={search_term_string}"},"query-input":{"@type":"PropertyValueSpecification","valueRequired":true,"valueName":"search_term_string"}}],"inLanguage":"pt-BR"},{"@type":"Organization","@id":"https:\/\/amsel-ara.com\/pt\/#organization","name":"Amsel & Ara - Yes, we can be earths first sustainable generation","url":"https:\/\/amsel-ara.com\/pt\/","logo":{"@type":"ImageObject","inLanguage":"pt-BR","@id":"https:\/\/amsel-ara.com\/pt\/#\/schema\/logo\/image\/","url":"https:\/\/amsel-ara.com\/wp-content\/uploads\/2022\/04\/Amsel_Ara_Logo_web.jpg","contentUrl":"https:\/\/amsel-ara.com\/wp-content\/uploads\/2022\/04\/Amsel_Ara_Logo_web.jpg","width":1652,"height":472,"caption":"Amsel & Ara - Yes, we can be earths first sustainable generation"},"image":{"@id":"https:\/\/amsel-ara.com\/pt\/#\/schema\/logo\/image\/"}}]}},"rttpg_featured_image_url":null,"rttpg_author":{"display_name":"admin","author_link":"https:\/\/amsel-ara.com\/pt\/author\/admin\/"},"rttpg_comment":0,"rttpg_category":" <a href=\"https:\/\/amsel-ara.com\/pt\/\" rel=\"tag\">Portugu\u00eas<\/a>","rttpg_excerpt":"Back Aviso Legal Atualizada em 19\/11\/2024 DRYAD LTDA Avenue Faria Lima, 1739 &#8211; Box 276 &#8211; S\u00e3o Paulo &#8211; SP, Postal Code: 01452-001 Email: hello@amsel-ara.com Managing Director: Torsten B\u00f6ttcher Diretor Executivo: 42.389.527\/0001-08 Todo o conte\u00fado deste site pertence exclusivamente \u00e0 Amsel &amp; Ara e est\u00e1 protegido por direitos autorais. Qualquer reprodu\u00e7\u00e3o ou uso do material&hellip;","_links":{"self":[{"href":"https:\/\/amsel-ara.com\/pt\/wp-json\/wp\/v2\/pages\/2920","targetHints":{"allow":["GET"]}}],"collection":[{"href":"https:\/\/amsel-ara.com\/pt\/wp-json\/wp\/v2\/pages"}],"about":[{"href":"https:\/\/amsel-ara.com\/pt\/wp-json\/wp\/v2\/types\/page"}],"author":[{"embeddable":true,"href":"https:\/\/amsel-ara.com\/pt\/wp-json\/wp\/v2\/users\/1"}],"replies":[{"embeddable":true,"href":"https:\/\/amsel-ara.com\/pt\/wp-json\/wp\/v2\/comments?post=2920"}],"version-history":[{"count":8,"href":"https:\/\/amsel-ara.com\/pt\/wp-json\/wp\/v2\/pages\/2920\/revisions"}],"predecessor-version":[{"id":2949,"href":"https:\/\/amsel-ara.com\/pt\/wp-json\/wp\/v2\/pages\/2920\/revisions\/2949"}],"wp:attachment":[{"href":"https:\/\/amsel-ara.com\/pt\/wp-json\/wp\/v2\/media?parent=2920"}],"curies":[{"name":"wp","href":"https:\/\/api.w.org\/{rel}","templated":true}]}}