{"id":2911,"date":"2025-03-23T23:21:49","date_gmt":"2025-03-23T23:21:49","guid":{"rendered":"https:\/\/amsel-ara.com\/?page_id=2911"},"modified":"2025-03-23T23:33:53","modified_gmt":"2025-03-23T23:33:53","slug":"politica-de-privacidade-2","status":"publish","type":"page","link":"https:\/\/amsel-ara.com\/pt\/politica-de-privacidade-2\/","title":{"rendered":"Pol\u00edtica de Privacidade"},"content":{"rendered":"<div data-elementor-type=\"wp-page\" data-elementor-id=\"2911\" class=\"elementor elementor-2911\">\n\t\t\t\t<div class=\"elementor-element elementor-element-49e5694a e-flex e-con-boxed wpr-particle-no wpr-jarallax-no wpr-parallax-no wpr-sticky-section-no e-con e-parent\" data-id=\"49e5694a\" data-element_type=\"container\" id=\"introduction\" data-settings=\"{&quot;background_background&quot;:&quot;classic&quot;}\">\n\t\t\t\t\t<div class=\"e-con-inner\">\n\t\t<div class=\"elementor-element elementor-element-3b4dd674 e-con-full e-flex wpr-particle-no wpr-jarallax-no wpr-parallax-no wpr-sticky-section-no e-con e-child\" data-id=\"3b4dd674\" data-element_type=\"container\">\n\t\t\t\t<div class=\"elementor-element elementor-element-3a33e56a elementor-align-left jltma-glass-effect-no elementor-widget elementor-widget-button\" data-id=\"3a33e56a\" data-element_type=\"widget\" data-widget_type=\"button.default\">\n\t\t\t\t<div class=\"elementor-widget-container\">\n\t\t\t\t\t\t\t\t\t<div class=\"elementor-button-wrapper\">\n\t\t\t\t\t<a class=\"elementor-button elementor-size-sm\" role=\"button\">\n\t\t\t\t\t\t<span class=\"elementor-button-content-wrapper\">\n\t\t\t\t\t\t<span class=\"elementor-button-icon\">\n\t\t\t\t<i aria-hidden=\"true\" class=\"elementor-icons eicon-chevron-left\"><\/i>\t\t\t<\/span>\n\t\t\t\t\t\t\t\t\t<span class=\"elementor-button-text\">Back<\/span>\n\t\t\t\t\t<\/span>\n\t\t\t\t\t<\/a>\n\t\t\t\t<\/div>\n\t\t\t\t\t\t\t\t<\/div>\n\t\t\t\t<\/div>\n\t\t\t\t<div class=\"elementor-element elementor-element-46287648 jltma-glass-effect-no elementor-widget elementor-widget-heading\" data-id=\"46287648\" data-element_type=\"widget\" data-widget_type=\"heading.default\">\n\t\t\t\t<div class=\"elementor-widget-container\">\n\t\t\t\t\t<h2 class=\"elementor-heading-title elementor-size-default\">Pol\u00edtica de Privacidade Amsel &amp; Ara (\u201cPol\u00edtica\u201d)<\/h2>\t\t\t\t<\/div>\n\t\t\t\t<\/div>\n\t\t\t\t<div class=\"elementor-element elementor-element-53aecec3 jltma-glass-effect-no elementor-widget elementor-widget-heading\" data-id=\"53aecec3\" data-element_type=\"widget\" data-widget_type=\"heading.default\">\n\t\t\t\t<div class=\"elementor-widget-container\">\n\t\t\t\t\t<h2 class=\"elementor-heading-title elementor-size-default\">Updated on 19\/11\/2024<\/h2>\t\t\t\t<\/div>\n\t\t\t\t<\/div>\n\t\t\t\t<div class=\"elementor-element elementor-element-463323ed jltma-glass-effect-no elementor-widget elementor-widget-heading\" data-id=\"463323ed\" data-element_type=\"widget\" data-widget_type=\"heading.default\">\n\t\t\t\t<div class=\"elementor-widget-container\">\n\t\t\t\t\t<h2 class=\"elementor-heading-title elementor-size-default\">\n1. Sobre <\/h2>\t\t\t\t<\/div>\n\t\t\t\t<\/div>\n\t\t\t\t<div class=\"elementor-element elementor-element-4eb5132c jltma-glass-effect-no elementor-widget elementor-widget-heading\" data-id=\"4eb5132c\" data-element_type=\"widget\" data-widget_type=\"heading.default\">\n\t\t\t\t<div class=\"elementor-widget-container\">\n\t\t\t\t\t<h2 class=\"elementor-heading-title elementor-size-default\">S\u00e3o objetivos desta Pol\u00edtica:\n<\/h2>\t\t\t\t<\/div>\n\t\t\t\t<\/div>\n\t\t\t\t<div class=\"elementor-element elementor-element-3a6dfc43 jltma-glass-effect-no elementor-widget elementor-widget-heading\" data-id=\"3a6dfc43\" data-element_type=\"widget\" data-widget_type=\"heading.default\">\n\t\t\t\t<div class=\"elementor-widget-container\">\n\t\t\t\t\t<p class=\"elementor-heading-title elementor-size-default\"><strong>(i) <\/strong>Estabelecer as diretrizes que asseguram e refor\u00e7am o compromisso da Amsel &amp; Ara com o cumprimento das legisla\u00e7\u00f5es aplic\u00e1veis \u00e0 prote\u00e7\u00e3o da sua privacidade e dos seus dados pessoais, sobretudo a Lei Geral de Prote\u00e7\u00e3o de Dados Pessoais (\u201cLGPD\u201d \u2013 Lei Federal n\u00ba 13.709\/2018) e a General Data Protection Regulation (\u201cGDPR\u201d - lei europeia que trata da prote\u00e7\u00e3o de dados);\n<br><br>\n\n<strong>(ii) <\/strong>Informar sobre como s\u00e3o realizados o tratamento dos dados pessoais coletados pela Amsel &amp; Ara em seu site;\n\n<\/p>\t\t\t\t<\/div>\n\t\t\t\t<\/div>\n\t\t\t\t<div class=\"elementor-element elementor-element-270ca7fa jltma-glass-effect-no elementor-widget elementor-widget-heading\" data-id=\"270ca7fa\" data-element_type=\"widget\" data-widget_type=\"heading.default\">\n\t\t\t\t<div class=\"elementor-widget-container\">\n\t\t\t\t\t<p class=\"elementor-heading-title elementor-size-default\">Garantir transpar\u00eancia aos titulares de dados pessoais que ela venha a utilizar durante as suas atividades, refor\u00e7ando assim o seu compromisso com a \u00e9tica e a seguran\u00e7a em suas opera\u00e7\u00f5es.\n\n<\/p>\t\t\t\t<\/div>\n\t\t\t\t<\/div>\n\t\t\t\t<div class=\"elementor-element elementor-element-5cd157b2 jltma-glass-effect-no elementor-widget elementor-widget-heading\" data-id=\"5cd157b2\" data-element_type=\"widget\" data-widget_type=\"heading.default\">\n\t\t\t\t<div class=\"elementor-widget-container\">\n\t\t\t\t\t<h2 class=\"elementor-heading-title elementor-size-default\">2. About us<\/h2>\t\t\t\t<\/div>\n\t\t\t\t<\/div>\n\t\t\t\t<div class=\"elementor-element elementor-element-192ce123 jltma-glass-effect-no elementor-widget elementor-widget-heading\" data-id=\"192ce123\" data-element_type=\"widget\" data-widget_type=\"heading.default\">\n\t\t\t\t<div class=\"elementor-widget-container\">\n\t\t\t\t\t<h2 class=\"elementor-heading-title elementor-size-default\">Amsel &amp; Ara is an international specialized consulting firm with offices in S\u00e3o Paulo and Berlin. Our work encompasses delivering strategic solutions for companies across different sectors, connecting global knowledge with local needs. We combine expertise in finance, nature-based solutions, carbon, sustainability, ESG, corporate governance, and innovation to help clients implement responsible practices aligned with regulatory and market trends, promoting sustainable development and long-term value creation.\n\n<br><br>\nAmsel &amp; Ara takes a proactive approach to the privacy of your personal data and ensures that the necessary measures are taken to protect privacy and security during your experience on our website and with our services, as explained in this Policy.<\/h2>\t\t\t\t<\/div>\n\t\t\t\t<\/div>\n\t\t\t\t<div class=\"elementor-element elementor-element-7002a331 jltma-glass-effect-no elementor-widget elementor-widget-heading\" data-id=\"7002a331\" data-element_type=\"widget\" data-widget_type=\"heading.default\">\n\t\t\t\t<div class=\"elementor-widget-container\">\n\t\t\t\t\t<h2 class=\"elementor-heading-title elementor-size-default\">3. Tratamento dos dados pessoais<\/h2>\t\t\t\t<\/div>\n\t\t\t\t<\/div>\n\t\t\t\t<div class=\"elementor-element elementor-element-472f2de0 jltma-glass-effect-no elementor-widget elementor-widget-heading\" data-id=\"472f2de0\" data-element_type=\"widget\" data-widget_type=\"heading.default\">\n\t\t\t\t<div class=\"elementor-widget-container\">\n\t\t\t\t\t<h2 class=\"elementor-heading-title elementor-size-default\">A Amsel &amp; Ara, pessoa jur\u00eddica de direito privado, regularmente constitu\u00edda sob a forma de Dryad Ltda., com sede na Rua Av. Faria Lima, 1739 - Box 276, CEP: 01452-001, - S\u00e3o Paulo \u2013 SP, inscrita no CNPJ\/ME sob o n\u00b0 42.389.527\/0001-08.<\/h2>\t\t\t\t<\/div>\n\t\t\t\t<\/div>\n\t\t\t\t<div class=\"elementor-element elementor-element-28ac3d9b jltma-glass-effect-no elementor-widget elementor-widget-heading\" data-id=\"28ac3d9b\" data-element_type=\"widget\" data-widget_type=\"heading.default\">\n\t\t\t\t<div class=\"elementor-widget-container\">\n\t\t\t\t\t<h2 class=\"elementor-heading-title elementor-size-default\">A Amsel &amp; Ara atua como controladora independente em rela\u00e7\u00e3o aos dados pessoais seus dados em nosso site.<\/h2>\t\t\t\t<\/div>\n\t\t\t\t<\/div>\n\t\t\t\t<div class=\"elementor-element elementor-element-3a4d3cc8 jltma-glass-effect-no elementor-widget elementor-widget-heading\" data-id=\"3a4d3cc8\" data-element_type=\"widget\" data-widget_type=\"heading.default\">\n\t\t\t\t<div class=\"elementor-widget-container\">\n\t\t\t\t\t<h2 class=\"elementor-heading-title elementor-size-default\">Exceto quando expressamente informado, a Amsel &amp; Ara n\u00e3o realiza o tratamento de dados pessoais sens\u00edveis. Na eventualidade de ser necess\u00e1rio o tratamento de dados pessoais sens\u00edveis, ser\u00e1 apresentada a devida informa\u00e7\u00e3o a respeito do tratamento desse tipo de dados e ser\u00e1 apresentada uma solicita\u00e7\u00e3o para que manifeste a sua concord\u00e2ncia e consentimento, conforme aplic\u00e1vel nos termos da LGPD e GDPR.<\/h2>\t\t\t\t<\/div>\n\t\t\t\t<\/div>\n\t\t\t\t<div class=\"elementor-element elementor-element-78fc333e jltma-glass-effect-no elementor-widget elementor-widget-heading\" data-id=\"78fc333e\" data-element_type=\"widget\" data-widget_type=\"heading.default\">\n\t\t\t\t<div class=\"elementor-widget-container\">\n\t\t\t\t\t<h2 class=\"elementor-heading-title elementor-size-default\">4. Quem \u00e9 o encarregado de dados da Amsel &amp; Ara?\n<\/h2>\t\t\t\t<\/div>\n\t\t\t\t<\/div>\n\t\t\t\t<div class=\"elementor-element elementor-element-3ddc5ad8 jltma-glass-effect-no elementor-widget elementor-widget-heading\" data-id=\"3ddc5ad8\" data-element_type=\"widget\" data-widget_type=\"heading.default\">\n\t\t\t\t<div class=\"elementor-widget-container\">\n\t\t\t\t\t<h2 class=\"elementor-heading-title elementor-size-default\">Marianna Laranjeira, dispon\u00edvel no e-mail <a style=\"color:blue;font-weight:bold\" href=\"mailto:hello@amsel-ara.com\">hello@amsel-ara.com<\/a><\/h2>\t\t\t\t<\/div>\n\t\t\t\t<\/div>\n\t\t\t\t<div class=\"elementor-element elementor-element-1f369dfb jltma-glass-effect-no elementor-widget elementor-widget-heading\" data-id=\"1f369dfb\" data-element_type=\"widget\" data-widget_type=\"heading.default\">\n\t\t\t\t<div class=\"elementor-widget-container\">\n\t\t\t\t\t<p class=\"elementor-heading-title elementor-size-default\">Entre em contato com o nosso Encarregado de Dados Pessoais caso voc\u00ea tenha qualquer d\u00favida a respeito de como a Amsel &amp; Ara trata os seus dados pessoais, ou alguma solicita\u00e7\u00e3o, nos termos da Pol\u00edtica.<\/p>\t\t\t\t<\/div>\n\t\t\t\t<\/div>\n\t\t\t\t<div class=\"elementor-element elementor-element-56b4cac4 jltma-glass-effect-no elementor-widget elementor-widget-heading\" data-id=\"56b4cac4\" data-element_type=\"widget\" data-widget_type=\"heading.default\">\n\t\t\t\t<div class=\"elementor-widget-container\">\n\t\t\t\t\t<h2 class=\"elementor-heading-title elementor-size-default\">5. A quem se destina esta Pol\u00edtica?<\/h2>\t\t\t\t<\/div>\n\t\t\t\t<\/div>\n\t\t\t\t<div class=\"elementor-element elementor-element-5feccb5 jltma-glass-effect-no elementor-widget elementor-widget-heading\" data-id=\"5feccb5\" data-element_type=\"widget\" data-widget_type=\"heading.default\">\n\t\t\t\t<div class=\"elementor-widget-container\">\n\t\t\t\t\t<h2 class=\"elementor-heading-title elementor-size-default\">A Amsel &amp; Ara coleta e realiza o tratamento do m\u00ednimo poss\u00edvel dos seus dados pessoais para atender ao seu prop\u00f3sito e apenas utiliza estes dados para as finalidades para as quais foram coletados. Assim, a presente Pol\u00edtica se destina a:\n<\/h2>\t\t\t\t<\/div>\n\t\t\t\t<\/div>\n\t\t\t\t<div class=\"elementor-element elementor-element-3516d011 jltma-glass-effect-no elementor-widget elementor-widget-heading\" data-id=\"3516d011\" data-element_type=\"widget\" data-widget_type=\"heading.default\">\n\t\t\t\t<div class=\"elementor-widget-container\">\n\t\t\t\t\t<h2 class=\"elementor-heading-title elementor-size-default\">6. Usu\u00e1rios do site Amsel &amp; Ara.<\/h2>\t\t\t\t<\/div>\n\t\t\t\t<\/div>\n\t\t\t\t<div class=\"elementor-element elementor-element-53d0bdf8 jltma-glass-effect-no elementor-widget elementor-widget-heading\" data-id=\"53d0bdf8\" data-element_type=\"widget\" data-widget_type=\"heading.default\">\n\t\t\t\t<div class=\"elementor-widget-container\">\n\t\t\t\t\t<h2 class=\"elementor-heading-title elementor-size-default\">Qualquer pessoa que acesse nosso Site.<\/h2>\t\t\t\t<\/div>\n\t\t\t\t<\/div>\n\t\t\t\t<div class=\"elementor-element elementor-element-73e42e9b jltma-glass-effect-no elementor-widget elementor-widget-heading\" data-id=\"73e42e9b\" data-element_type=\"widget\" data-widget_type=\"heading.default\">\n\t\t\t\t<div class=\"elementor-widget-container\">\n\t\t\t\t\t<h2 class=\"elementor-heading-title elementor-size-default\">7. Como a Amsel &amp; Ara utiliza seus dados pessoais e para quais finalidades?<\/h2>\t\t\t\t<\/div>\n\t\t\t\t<\/div>\n\t\t\t\t<div class=\"elementor-element elementor-element-3b502f63 jltma-glass-effect-no elementor-widget elementor-widget-heading\" data-id=\"3b502f63\" data-element_type=\"widget\" data-widget_type=\"heading.default\">\n\t\t\t\t<div class=\"elementor-widget-container\">\n\t\t\t\t\t<p class=\"elementor-heading-title elementor-size-default\">Os dados pessoais que coletamos podem ser utilizados para as seguintes finalidades: <b>(i)<\/b> comunica\u00e7\u00e3o: responder a consultas e fornecer informa\u00e7\u00f5es sobre nossos servi\u00e7os; <b>(ii)<\/b> marketing: enviar atualiza\u00e7\u00f5es, newsletters ou materiais promocionais (com seu consentimento); <b>(iii)<\/b> an\u00e1lise e melhoria: monitorar e analisar o desempenho do site para aprimorar a experi\u00eancia do usu\u00e1rio; e <b>(iv)<\/b> cumprimento legal: atender a obriga\u00e7\u00f5es legais e regulat\u00f3rias, conforme aplic\u00e1vel.<\/p>\t\t\t\t<\/div>\n\t\t\t\t<\/div>\n\t\t\t\t<div class=\"elementor-element elementor-element-4bca1562 jltma-glass-effect-no elementor-widget elementor-widget-heading\" data-id=\"4bca1562\" data-element_type=\"widget\" data-widget_type=\"heading.default\">\n\t\t\t\t<div class=\"elementor-widget-container\">\n\t\t\t\t\t<p class=\"elementor-heading-title elementor-size-default\">Destacamos abaixo os seus dados pessoais que a Amsel &amp; Ara trata, de onde coletamos esses dados, o que nos levou a realizar esses tratamentos e as correspondentes bases legais descritas nos arts. 7\u00ba e\/ou 11 da LGPD.\n\n<\/p>\t\t\t\t<\/div>\n\t\t\t\t<\/div>\n\t\t\t\t<div class=\"elementor-element elementor-element-44e5d153 jltma-glass-effect-no elementor-widget elementor-widget-heading\" data-id=\"44e5d153\" data-element_type=\"widget\" data-widget_type=\"heading.default\">\n\t\t\t\t<div class=\"elementor-widget-container\">\n\t\t\t\t\t<p class=\"elementor-heading-title elementor-size-default\">Essas bases legais garantem a legitimidade do uso dos seus dados pela Amsel &amp; Ara de acordo com a LGPD. Caso tenha qualquer d\u00favida ou n\u00e3o concorde com determinada base legal, favor entrar em contato com o Encarregado de Dados Pessoais nos canais indicados na Se\u00e7\u00e3o 2.\n\n<\/p>\t\t\t\t<\/div>\n\t\t\t\t<\/div>\n\t\t\t\t<div class=\"elementor-element elementor-element-37c43756 jltma-glass-effect-no elementor-widget elementor-widget-heading\" data-id=\"37c43756\" data-element_type=\"widget\" data-widget_type=\"heading.default\">\n\t\t\t\t<div class=\"elementor-widget-container\">\n\t\t\t\t\t<h2 class=\"elementor-heading-title elementor-size-default\">8. Usu\u00e1rios do site Amsel &amp; Ara:<\/h2>\t\t\t\t<\/div>\n\t\t\t\t<\/div>\n\t\t\t\t<div class=\"elementor-element elementor-element-6d19b6f8 jltma-glass-effect-no elementor-widget elementor-widget-heading\" data-id=\"6d19b6f8\" data-element_type=\"widget\" data-widget_type=\"heading.default\">\n\t\t\t\t<div class=\"elementor-widget-container\">\n\t\t\t\t\t<p class=\"elementor-heading-title elementor-size-default\">A Amsel &amp; Ara pode coletar dados pessoais de navega\u00e7\u00e3o por meio de cookies presentes no site, incluindo endere\u00e7o de IP, localiza\u00e7\u00e3o geogr\u00e1fica, tipo de navegador e p\u00e1ginas visitadas em nosso site. Nesse caso, a finalidade para o tratamento \u00e9 possibilitar uma melhor experi\u00eancia ao usu\u00e1rio que trafega pelo site. Ademais, a base legal ser\u00e1 o consentimento para cookies n\u00e3o necess\u00e1rios.\n\n<\/p>\t\t\t\t<\/div>\n\t\t\t\t<\/div>\n\t\t\t\t<div class=\"elementor-element elementor-element-57f48528 jltma-glass-effect-no elementor-widget elementor-widget-heading\" data-id=\"57f48528\" data-element_type=\"widget\" data-widget_type=\"heading.default\">\n\t\t\t\t<div class=\"elementor-widget-container\">\n\t\t\t\t\t<h2 class=\"elementor-heading-title elementor-size-default\">9. Compartilhamento e transfer\u00eancia internacional de dados pessoais\n<\/h2>\t\t\t\t<\/div>\n\t\t\t\t<\/div>\n\t\t\t\t<div class=\"elementor-element elementor-element-21148552 jltma-glass-effect-no elementor-widget elementor-widget-heading\" data-id=\"21148552\" data-element_type=\"widget\" data-widget_type=\"heading.default\">\n\t\t\t\t<div class=\"elementor-widget-container\">\n\t\t\t\t\t<p class=\"elementor-heading-title elementor-size-default\">A Amsel &amp; Ara poder\u00e1 transferir seus dados para suas unidades no exterior, sobretudo sua representa\u00e7\u00e3o em Berlim, na Alemanha, mas tamb\u00e9m em outros pa\u00edses, desde que estritamente necess\u00e1rio para o cumprimento da finalidade. Neste caso, tamb\u00e9m tomaremos todas as medidas necess\u00e1rias para garantir a confidencialidade, prote\u00e7\u00e3o de dados e seguran\u00e7a da informa\u00e7\u00e3o nos moldes das legisla\u00e7\u00f5es aplic\u00e1veis.\n\n<\/p>\t\t\t\t<\/div>\n\t\t\t\t<\/div>\n\t\t\t\t<div class=\"elementor-element elementor-element-31053e24 jltma-glass-effect-no elementor-widget elementor-widget-heading\" data-id=\"31053e24\" data-element_type=\"widget\" data-widget_type=\"heading.default\">\n\t\t\t\t<div class=\"elementor-widget-container\">\n\t\t\t\t\t<p class=\"elementor-heading-title elementor-size-default\">A Amsel &amp; Ara n\u00e3o compartilha seus dados pessoais com terceiros, exceto nas seguintes hip\u00f3teses e exclusivamente quando necess\u00e1rio para o cumprimento da finalidade da coleta dos dados: <b>(i)<\/b> prestadores de servi\u00e7os: podemos compartilhar informa\u00e7\u00f5es com parceiros e fornecedores que nos auxiliam na opera\u00e7\u00e3o do site e na presta\u00e7\u00e3o de nossos servi\u00e7os, garantindo que eles cumpram as mesmas obriga\u00e7\u00f5es de privacidade; e <b>(ii)<\/b> Requisitos legais: Podemos compartilhar dados pessoais para cumprir uma obriga\u00e7\u00e3o legal, regulat\u00f3ria ou ordem judicial.<\/p>\t\t\t\t<\/div>\n\t\t\t\t<\/div>\n\t\t\t\t<div class=\"elementor-element elementor-element-6cf12112 jltma-glass-effect-no elementor-widget elementor-widget-heading\" data-id=\"6cf12112\" data-element_type=\"widget\" data-widget_type=\"heading.default\">\n\t\t\t\t<div class=\"elementor-widget-container\">\n\t\t\t\t\t<p class=\"elementor-heading-title elementor-size-default\">Ademais, a Amsel &amp; Ara pode ser obrigada a compartilhar os seus dados pessoais com autoridades judiciais e administrativas. Tomaremos todas as medidas necess\u00e1rias para que esse compartilhamento se d\u00ea apenas quando estritamente necess\u00e1rio, garantindo sempre que poss\u00edvel a confidencialidade, prote\u00e7\u00e3o de dados e seguran\u00e7a da informa\u00e7\u00e3o, de maneira a cumprirem integralmente a LGPD e a GDPR.\n\n<\/p>\t\t\t\t<\/div>\n\t\t\t\t<\/div>\n\t\t\t\t<div class=\"elementor-element elementor-element-f816f77 jltma-glass-effect-no elementor-widget elementor-widget-heading\" data-id=\"f816f77\" data-element_type=\"widget\" data-widget_type=\"heading.default\">\n\t\t\t\t<div class=\"elementor-widget-container\">\n\t\t\t\t\t<h2 class=\"elementor-heading-title elementor-size-default\">10. Dura\u00e7\u00e3o do tratamento de dados pessoais\n<\/h2>\t\t\t\t<\/div>\n\t\t\t\t<\/div>\n\t\t\t\t<div class=\"elementor-element elementor-element-777316b6 jltma-glass-effect-no elementor-widget elementor-widget-heading\" data-id=\"777316b6\" data-element_type=\"widget\" data-widget_type=\"heading.default\">\n\t\t\t\t<div class=\"elementor-widget-container\">\n\t\t\t\t\t<p class=\"elementor-heading-title elementor-size-default\">A Amsel &amp; Ara somente guardar\u00e1 os seus dados pessoais pelo tempo necess\u00e1rio para o cumprimento das finalidades para as quais eles foram coletados, salvo quando necess\u00e1rio para fins de cumprimento de obriga\u00e7\u00f5es legais, contratuais e regulat\u00f3rias, al\u00e9m de possibilitar a presta\u00e7\u00e3o de contas, a resposta a eventual requisi\u00e7\u00e3o de autoridades competentes e eventual defesa em processo judicial ou administrativo, de acordo com a lei. Ap\u00f3s esse per\u00edodo, os dados ser\u00e3o exclu\u00eddos ou anonimizados.\n\n<\/p>\t\t\t\t<\/div>\n\t\t\t\t<\/div>\n\t\t\t\t<div class=\"elementor-element elementor-element-61c39d86 jltma-glass-effect-no elementor-widget elementor-widget-heading\" data-id=\"61c39d86\" data-element_type=\"widget\" data-widget_type=\"heading.default\">\n\t\t\t\t<div class=\"elementor-widget-container\">\n\t\t\t\t\t<h2 class=\"elementor-heading-title elementor-size-default\">11. Direitos dos titulares\n<\/h2>\t\t\t\t<\/div>\n\t\t\t\t<\/div>\n\t\t\t\t<div class=\"elementor-element elementor-element-283c499b jltma-glass-effect-no elementor-widget elementor-widget-heading\" data-id=\"283c499b\" data-element_type=\"widget\" data-widget_type=\"heading.default\">\n\t\t\t\t<div class=\"elementor-widget-container\">\n\t\t\t\t\t<p class=\"elementor-heading-title elementor-size-default\">Voc\u00ea pode exercer qualquer dos direitos listados abaixo perante a Amsel &amp; Ara, a qualquer tempo e mediante os canais indicados abaixo:\n\n<\/p>\t\t\t\t<\/div>\n\t\t\t\t<\/div>\n\t\t\t\t<div class=\"elementor-element elementor-element-62a7962f jltma-glass-effect-no elementor-widget elementor-widget-heading\" data-id=\"62a7962f\" data-element_type=\"widget\" data-widget_type=\"heading.default\">\n\t\t\t\t<div class=\"elementor-widget-container\">\n\t\t\t\t\t<p class=\"elementor-heading-title elementor-size-default\"><b>(a)<\/b> Confirmar se a Amsel &amp; Ara trata ou n\u00e3o qualquer dado pessoal a seu respeito.<\/p>\t\t\t\t<\/div>\n\t\t\t\t<\/div>\n\t\t\t\t<div class=\"elementor-element elementor-element-79eef0ff jltma-glass-effect-no elementor-widget elementor-widget-heading\" data-id=\"79eef0ff\" data-element_type=\"widget\" data-widget_type=\"heading.default\">\n\t\t\t\t<div class=\"elementor-widget-container\">\n\t\t\t\t\t<p class=\"elementor-heading-title elementor-size-default\"><b>(b)<\/b> <u>Acesso<\/u>. Acesso. Ter acesso aos seus dados pessoais que sejam tratados pela Amsel &amp; Ara, em geral por meio de c\u00f3pia f\u00edsica ou digital.<\/p>\t\t\t\t<\/div>\n\t\t\t\t<\/div>\n\t\t\t\t<div class=\"elementor-element elementor-element-3565f9bf jltma-glass-effect-no elementor-widget elementor-widget-heading\" data-id=\"3565f9bf\" data-element_type=\"widget\" data-widget_type=\"heading.default\">\n\t\t\t\t<div class=\"elementor-widget-container\">\n\t\t\t\t\t<p class=\"elementor-heading-title elementor-size-default\"><b>(c)<\/b> <u>Informa\u00e7\u00e3o<\/u>. Ser informado sobre as entidades p\u00fablicas e privadas com quais a Amsel &amp; Ara compartilhou ou das quais recebeu os seus dados pessoais.<\/p>\t\t\t\t<\/div>\n\t\t\t\t<\/div>\n\t\t\t\t<div class=\"elementor-element elementor-element-4ab4e84e jltma-glass-effect-no elementor-widget elementor-widget-heading\" data-id=\"4ab4e84e\" data-element_type=\"widget\" data-widget_type=\"heading.default\">\n\t\t\t\t<div class=\"elementor-widget-container\">\n\t\t\t\t\t<p class=\"elementor-heading-title elementor-size-default\"><b>(d)<\/b> <u>Corre\u00e7\u00e3o<\/u>. Corrigir dados a seu respeito que estejam incompletos, inexatos ou desatualizados.<\/p>\t\t\t\t<\/div>\n\t\t\t\t<\/div>\n\t\t\t\t<div class=\"elementor-element elementor-element-5d261ab6 jltma-glass-effect-no elementor-widget elementor-widget-heading\" data-id=\"5d261ab6\" data-element_type=\"widget\" data-widget_type=\"heading.default\">\n\t\t\t\t<div class=\"elementor-widget-container\">\n\t\t\t\t\t<p class=\"elementor-heading-title elementor-size-default\"><b>(e)<\/b> <u>Anonimiza\u00e7\u00e3o<\/u>. Anonimizar, bloquear ou eliminar dados pessoas a seu respeito, que voc\u00ea entenda serem desnecess\u00e1rios, excessivos ou tratados em desconformidade com a LGPD ou GDPR pela Amsel &amp; Ara.<\/p>\t\t\t\t<\/div>\n\t\t\t\t<\/div>\n\t\t\t\t<div class=\"elementor-element elementor-element-3a28c2b8 jltma-glass-effect-no elementor-widget elementor-widget-heading\" data-id=\"3a28c2b8\" data-element_type=\"widget\" data-widget_type=\"heading.default\">\n\t\t\t\t<div class=\"elementor-widget-container\">\n\t\t\t\t\t<p class=\"elementor-heading-title elementor-size-default\"><b>(f)<\/b> <u>Portabilidade<\/u>. Realizar a portabilidade dos seus dados pessoais a terceiros, o que, at\u00e9 o momento, ainda depende de regula\u00e7\u00e3o da Autoridade Nacional de Prote\u00e7\u00e3o de Dados (\u201c<b>ANPD<\/b>\u201d). De toda forma, conseguimos lhe fornecer uma c\u00f3pia eletr\u00f4nica que venha a permitir a utiliza\u00e7\u00e3o dos seus dados por terceiros, desde que mantenhamos um contrato diretamente com voc\u00ea.<\/p>\t\t\t\t<\/div>\n\t\t\t\t<\/div>\n\t\t\t\t<div class=\"elementor-element elementor-element-79f66b21 jltma-glass-effect-no elementor-widget elementor-widget-heading\" data-id=\"79f66b21\" data-element_type=\"widget\" data-widget_type=\"heading.default\">\n\t\t\t\t<div class=\"elementor-widget-container\">\n\t\t\t\t\t<p class=\"elementor-heading-title elementor-size-default\"><b>(g)<\/b> <u>Revoga\u00e7\u00e3o<\/u>. Revogar qualquer consentimento que voc\u00ea tenha fornecido para a Amsel &amp; Ara tratar os seus dados.<\/p><\/p>\t\t\t\t<\/div>\n\t\t\t\t<\/div>\n\t\t\t\t<div class=\"elementor-element elementor-element-3828a5f3 jltma-glass-effect-no elementor-widget elementor-widget-heading\" data-id=\"3828a5f3\" data-element_type=\"widget\" data-widget_type=\"heading.default\">\n\t\t\t\t<div class=\"elementor-widget-container\">\n\t\t\t\t\t<p class=\"elementor-heading-title elementor-size-default\"><b>(h)<\/b> <u>Elimina\u00e7\u00e3o<\/u>. Eliminar os seus dados pessoais, que tenham ficado armazenados conosco, ap\u00f3s voc\u00ea ter revogado o seu consentimento para a Amsel &amp; Ara tratar os seus dados.<\/p>\t\t\t\t<\/div>\n\t\t\t\t<\/div>\n\t\t\t\t<div class=\"elementor-element elementor-element-45e0eb77 jltma-glass-effect-no elementor-widget elementor-widget-heading\" data-id=\"45e0eb77\" data-element_type=\"widget\" data-widget_type=\"heading.default\">\n\t\t\t\t<div class=\"elementor-widget-container\">\n\t\t\t\t\t<p class=\"elementor-heading-title elementor-size-default\"><b>(i)<\/b> <u>Oposi\u00e7\u00e3o<\/u>. Ser informado a respeito das consequ\u00eancias em negar consentimento eventualmente solicitado pela Amsel &amp; Ara. Informamos, desde j\u00e1, que voc\u00ea \u00e9 livre para n\u00e3o fornecer consentimento \u00e0 Amsel &amp; Ara, independentemente da finalidade da solicita\u00e7\u00e3o feita por n\u00f3s. Tamb\u00e9m lhe \u00e9 garantido o direito de opor-se a tratamento dos seus dados pessoais, baseado em qualquer outra base legal que n\u00e3o o consentimento, desde que voc\u00ea entenda que a Amsel &amp; Ara esteja descumprindo a LGPD.<\/p><\/p>\t\t\t\t<\/div>\n\t\t\t\t<\/div>\n\t\t\t\t<div class=\"elementor-element elementor-element-67cf80a2 jltma-glass-effect-no elementor-widget elementor-widget-heading\" data-id=\"67cf80a2\" data-element_type=\"widget\" data-widget_type=\"heading.default\">\n\t\t\t\t<div class=\"elementor-widget-container\">\n\t\t\t\t\t<p class=\"elementor-heading-title elementor-size-default\"><b>(j)<\/b> Peticionar contra a Amsel &amp; Ara perante a ANPD, desde que a Amsel &amp; Ara n\u00e3o atenda a uma solicita\u00e7\u00e3o sua dentro do prazo previsto na LGPD.<\/p><\/p>\t\t\t\t<\/div>\n\t\t\t\t<\/div>\n\t\t\t\t<div class=\"elementor-element elementor-element-58e0bdaf jltma-glass-effect-no elementor-widget elementor-widget-heading\" data-id=\"58e0bdaf\" data-element_type=\"widget\" data-widget_type=\"heading.default\">\n\t\t\t\t<div class=\"elementor-widget-container\">\n\t\t\t\t\t<p class=\"elementor-heading-title elementor-size-default\">Ao exercer os seus direitos, precisaremos solicitar alguma comprova\u00e7\u00e3o da sua identidade. Isso \u00e9 para proteger os seus pr\u00f3prios dados pessoais e impedir que haja alguma fraude com os seus dados.\n<\/p>\t\t\t\t<\/div>\n\t\t\t\t<\/div>\n\t\t\t\t<div class=\"elementor-element elementor-element-22e30d3c jltma-glass-effect-no elementor-widget elementor-widget-heading\" data-id=\"22e30d3c\" data-element_type=\"widget\" data-widget_type=\"heading.default\">\n\t\t\t\t<div class=\"elementor-widget-container\">\n\t\t\t\t\t<p class=\"elementor-heading-title elementor-size-default\">A LGPD e GDPR tamb\u00e9m lhe garante o direito de revis\u00e3o de decis\u00f5es tomadas unicamente com base em tratamento automatizado dos seus dados pessoais e que possam afetar os seus interesses. Al\u00e9m disso, a LGPD e a GDPR tamb\u00e9m lhe garantem o direito de receber informa\u00e7\u00f5es espec\u00edficas a respeito dos crit\u00e9rios e dos procedimentos utilizados para tomar essas decis\u00f5es. Por\u00e9m, a Amsel &amp; Ara n\u00e3o toma qualquer decis\u00e3o unicamente com base em tratamento automatizado de dados pessoais e, por isso, esses direitos n\u00e3o s\u00e3o aplic\u00e1veis.\n\n<\/p>\t\t\t\t<\/div>\n\t\t\t\t<\/div>\n\t\t\t\t<div class=\"elementor-element elementor-element-21374b3a jltma-glass-effect-no elementor-widget elementor-widget-heading\" data-id=\"21374b3a\" data-element_type=\"widget\" data-widget_type=\"heading.default\">\n\t\t\t\t<div class=\"elementor-widget-container\">\n\t\t\t\t\t<h2 class=\"elementor-heading-title elementor-size-default\">12. Seguran\u00e7a\n<\/h2>\t\t\t\t<\/div>\n\t\t\t\t<\/div>\n\t\t\t\t<div class=\"elementor-element elementor-element-a00005 jltma-glass-effect-no elementor-widget elementor-widget-heading\" data-id=\"a00005\" data-element_type=\"widget\" data-widget_type=\"heading.default\">\n\t\t\t\t<div class=\"elementor-widget-container\">\n\t\t\t\t\t<p class=\"elementor-heading-title elementor-size-default\">A Amsel &amp; Ara adota n\u00edveis de seguran\u00e7a dentro dos requisitos legais para a prote\u00e7\u00e3o dos dados pessoais. Assim, a Amsel &amp; Ara se compromete a aplicar as medidas t\u00e9cnicas e organizativas aptas a proteger os dados pessoais de acessos n\u00e3o autorizados e de situa\u00e7\u00f5es de destrui\u00e7\u00e3o, perda, altera\u00e7\u00e3o, comunica\u00e7\u00e3o ou difus\u00e3o de tais dados, tais como: restri\u00e7\u00e3o de acesso, back-ups regulares e firewall.\n\n<\/p>\t\t\t\t<\/div>\n\t\t\t\t<\/div>\n\t\t\t\t<div class=\"elementor-element elementor-element-5dd107e5 jltma-glass-effect-no elementor-widget elementor-widget-heading\" data-id=\"5dd107e5\" data-element_type=\"widget\" data-widget_type=\"heading.default\">\n\t\t\t\t<div class=\"elementor-widget-container\">\n\t\t\t\t\t<h2 class=\"elementor-heading-title elementor-size-default\">13. Modifica\u00e7\u00f5es\n<\/h2>\t\t\t\t<\/div>\n\t\t\t\t<\/div>\n\t\t\t\t<div class=\"elementor-element elementor-element-23960186 jltma-glass-effect-no elementor-widget elementor-widget-heading\" data-id=\"23960186\" data-element_type=\"widget\" data-widget_type=\"heading.default\">\n\t\t\t\t<div class=\"elementor-widget-container\">\n\t\t\t\t\t<p class=\"elementor-heading-title elementor-size-default\">A Amsel &amp; Ara poder\u00e1 realizar modifica\u00e7\u00f5es na presente Pol\u00edtica a qualquer momento e sem pr\u00e9via notifica\u00e7\u00e3o. A Amsel &amp; Ara ressalta ser de extrema import\u00e2ncia acessar a presente Pol\u00edtica periodicamente. Visando auxili\u00e1-lo, a data da \u00faltima atualiza\u00e7\u00e3o est\u00e1 dispon\u00edvel no in\u00edcio da presente Pol\u00edtica.\n\n<\/p>\t\t\t\t<\/div>\n\t\t\t\t<\/div>\n\t\t\t\t<\/div>\n\t\t\t\t\t<\/div>\n\t\t\t\t<\/div>\n\t\t\t\t<\/div>","protected":false},"excerpt":{"rendered":"<p>Voltar Pol\u00edtica de Privacidade Amsel &amp; Ara (\u201cPol\u00edtica\u201d) Atualizada em 19\/11\/2024 1. Sobre S\u00e3o objetivos desta Pol\u00edtica: (i) Estabelecer as diretrizes que asseguram e refor\u00e7am o compromisso da Amsel &amp; Ara com o cumprimento das legisla\u00e7\u00f5es aplic\u00e1veis \u00e0 prote\u00e7\u00e3o da sua privacidade e dos seus dados pessoais, sobretudo a Lei Geral de Prote\u00e7\u00e3o de Dados Pessoais (\u201cLGPD\u201d \u2013 Lei Federal n\u00ba 13.709\/2018) e a General Data Protection Regulation (\u201cGDPR\u201d &#8211; lei europeia que trata da prote\u00e7\u00e3o de dados); (ii) Informar sobre como s\u00e3o realizados o tratamento dos dados pessoais coletados pela Amsel &amp; Ara em seu site; Garantir transpar\u00eancia aos titulares de dados pessoais que ela venha a utilizar durante as suas atividades, refor\u00e7ando assim o seu compromisso com a \u00e9tica e a seguran\u00e7a em suas opera\u00e7\u00f5es. 2. Sobre n\u00f3s A Amsel &amp; Ara \u00e9 uma empresa internacional de consultoria especializada, com escrit\u00f3rios em S\u00e3o Paulo e Berlim. Sua atua\u00e7\u00e3o abrange a entrega de solu\u00e7\u00f5es estrat\u00e9gicas para empresas de diferentes setores, conectando conhecimentos globais com as necessidades locais. Combinamos expertise em finan\u00e7as, solu\u00e7\u00f5es baseadas na natureza, carbono, sustentabilidade, ESG, governan\u00e7a corporativa e inova\u00e7\u00e3o para auxiliar os clientes a implementarem pr\u00e1ticas respons\u00e1veis e alinhadas \u00e0s tend\u00eancias regulat\u00f3rias e de mercado, promovendo o desenvolvimento sustent\u00e1vel e a cria\u00e7\u00e3o de valor a longo prazo. A Amsel &amp; Ara adota uma abordagem proativa em rela\u00e7\u00e3o \u00e0 privacidade dos seus dados pessoais e garante que as medidas necess\u00e1rias sejam tomadas para proteger a privacidade e seguran\u00e7a durante a sua experi\u00eancia em nosso site e com nossos servi\u00e7os, conforme ser\u00e1 explicado nessa Pol\u00edtica. 3. Tratamento dos dados pessoais A Amsel &amp; Ara, pessoa jur\u00eddica de direito privado, regularmente constitu\u00edda sob a forma de Dryad Ltda., com sede na Rua Av. Faria Lima, 1739 &#8211; Box 276, CEP: 01452-001, &#8211; S\u00e3o Paulo \u2013 SP, inscrita no CNPJ\/ME sob o n\u00b0 42.389.527\/0001-08. A Amsel &amp; Ara atua como controladora independente em rela\u00e7\u00e3o aos dados pessoais seus dados em nosso site. Exceto quando expressamente informado, a Amsel &amp; Ara n\u00e3o realiza o tratamento de dados pessoais sens\u00edveis. Na eventualidade de ser necess\u00e1rio o tratamento de dados pessoais sens\u00edveis, ser\u00e1 apresentada a devida informa\u00e7\u00e3o a respeito do tratamento desse tipo de dados e ser\u00e1 apresentada uma solicita\u00e7\u00e3o para que manifeste a sua concord\u00e2ncia e consentimento, conforme aplic\u00e1vel nos termos da LGPD e GDPR. 4. Quem \u00e9 o encarregado de dados da Amsel &amp; Ara? Marianna Laranjeira, dispon\u00edvel no e-mail hello@amsel-ara.com Entre em contato com o nosso Encarregado de Dados Pessoais caso voc\u00ea tenha qualquer d\u00favida a respeito de como a Amsel &amp; Ara trata os seus dados pessoais, ou alguma solicita\u00e7\u00e3o, nos termos da Pol\u00edtica. 5. A quem se destina esta Pol\u00edtica? A Amsel &amp; Ara coleta e realiza o tratamento do m\u00ednimo poss\u00edvel dos seus dados pessoais para atender ao seu prop\u00f3sito e apenas utiliza estes dados para as finalidades para as quais foram coletados. Assim, a presente Pol\u00edtica se destina a: 6. Usu\u00e1rios do site Amsel &amp; Ara. Qualquer pessoa que acesse nosso Site. 7. Como a Amsel &amp; Ara utiliza seus dados pessoais e para quais finalidades? Os dados pessoais que coletamos podem ser utilizados para as seguintes finalidades: (i) comunica\u00e7\u00e3o: responder a consultas e fornecer informa\u00e7\u00f5es sobre nossos servi\u00e7os; (ii) marketing: enviar atualiza\u00e7\u00f5es, newsletters ou materiais promocionais (com seu consentimento); (iii) an\u00e1lise e melhoria: monitorar e analisar o desempenho do site para aprimorar a experi\u00eancia do usu\u00e1rio; e (iv) cumprimento legal: atender a obriga\u00e7\u00f5es legais e regulat\u00f3rias, conforme aplic\u00e1vel. Destacamos abaixo os seus dados pessoais que a Amsel &amp; Ara trata, de onde coletamos esses dados, o que nos levou a realizar esses tratamentos e as correspondentes bases legais descritas nos arts. 7\u00ba e\/ou 11 da LGPD. Essas bases legais garantem a legitimidade do uso dos seus dados pela Amsel &amp; Ara de acordo com a LGPD. Caso tenha qualquer d\u00favida ou n\u00e3o concorde com determinada base legal, favor entrar em contato com o Encarregado de Dados Pessoais nos canais indicados na Se\u00e7\u00e3o 2. 8. Usu\u00e1rios do site Amsel &amp; Ara: A Amsel &amp; Ara pode coletar dados pessoais de navega\u00e7\u00e3o por meio de cookies presentes no site, incluindo endere\u00e7o de IP, localiza\u00e7\u00e3o geogr\u00e1fica, tipo de navegador e p\u00e1ginas visitadas em nosso site. Nesse caso, a finalidade para o tratamento \u00e9 possibilitar uma melhor experi\u00eancia ao usu\u00e1rio que trafega pelo site. Ademais, a base legal ser\u00e1 o consentimento para cookies n\u00e3o necess\u00e1rios. 9. Compartilhamento e transfer\u00eancia internacional de dados pessoais A Amsel &amp; Ara poder\u00e1 transferir seus dados para suas unidades no exterior, sobretudo sua representa\u00e7\u00e3o em Berlim, na Alemanha, mas tamb\u00e9m em outros pa\u00edses, desde que estritamente necess\u00e1rio para o cumprimento da finalidade. Neste caso, tamb\u00e9m tomaremos todas as medidas necess\u00e1rias para garantir a confidencialidade, prote\u00e7\u00e3o de dados e seguran\u00e7a da informa\u00e7\u00e3o nos moldes das legisla\u00e7\u00f5es aplic\u00e1veis. A Amsel &amp; Ara n\u00e3o compartilha seus dados pessoais com terceiros, exceto nas seguintes hip\u00f3teses e exclusivamente quando necess\u00e1rio para o cumprimento da finalidade da coleta dos dados: (i) prestadores de servi\u00e7os: podemos compartilhar informa\u00e7\u00f5es com parceiros e fornecedores que nos auxiliam na opera\u00e7\u00e3o do site e na presta\u00e7\u00e3o de nossos servi\u00e7os, garantindo que eles cumpram as mesmas obriga\u00e7\u00f5es de privacidade; e (ii) Requisitos legais: Podemos compartilhar dados pessoais para cumprir uma obriga\u00e7\u00e3o legal, regulat\u00f3ria ou ordem judicial. Ademais, a Amsel &amp; Ara pode ser obrigada a compartilhar os seus dados pessoais com autoridades judiciais e administrativas. Tomaremos todas as medidas necess\u00e1rias para que esse compartilhamento se d\u00ea apenas quando estritamente necess\u00e1rio, garantindo sempre que poss\u00edvel a confidencialidade, prote\u00e7\u00e3o de dados e seguran\u00e7a da informa\u00e7\u00e3o, de maneira a cumprirem integralmente a LGPD e a GDPR. 10. Dura\u00e7\u00e3o do tratamento de dados pessoais A Amsel &amp; Ara somente guardar\u00e1 os seus dados pessoais pelo tempo necess\u00e1rio para o cumprimento das finalidades para as quais eles foram coletados, salvo quando necess\u00e1rio para fins de cumprimento de obriga\u00e7\u00f5es legais, contratuais e regulat\u00f3rias, al\u00e9m de possibilitar a presta\u00e7\u00e3o de contas, a resposta a eventual requisi\u00e7\u00e3o de autoridades competentes e eventual defesa em processo judicial ou administrativo, de acordo com a lei.<\/p>","protected":false},"author":1,"featured_media":0,"parent":0,"menu_order":0,"comment_status":"closed","ping_status":"closed","template":"elementor_header_footer","meta":{"content-type":"","hide_page_title":"","footnotes":""},"class_list":["post-2911","page","type-page","status-publish","hentry"],"yoast_head":"<!-- This site is optimized with the Yoast SEO plugin v25.3.1 - https:\/\/yoast.com\/wordpress\/plugins\/seo\/ -->\n<title>Pol\u00edtica de Privacidade - Yes, we can be earths first sustainable generation<\/title>\n<meta name=\"robots\" content=\"index, follow, max-snippet:-1, max-image-preview:large, max-video-preview:-1\" \/>\n<link rel=\"canonical\" href=\"https:\/\/amsel-ara.com\/pt\/politica-de-privacidade-2\/\" \/>\n<meta property=\"og:locale\" content=\"pt_BR\" \/>\n<meta property=\"og:type\" content=\"article\" \/>\n<meta property=\"og:title\" content=\"Pol\u00edtica de Privacidade - Yes, we can be earths first sustainable generation\" \/>\n<meta property=\"og:description\" content=\"Voltar Pol\u00edtica de Privacidade Amsel &amp; Ara (\u201cPol\u00edtica\u201d) Atualizada em 19\/11\/2024 1. Sobre S\u00e3o objetivos desta Pol\u00edtica: (i) Estabelecer as diretrizes que asseguram e refor\u00e7am o compromisso da Amsel &amp; Ara com o cumprimento das legisla\u00e7\u00f5es aplic\u00e1veis \u00e0 prote\u00e7\u00e3o da sua privacidade e dos seus dados pessoais, sobretudo a Lei Geral de Prote\u00e7\u00e3o de Dados Pessoais (\u201cLGPD\u201d \u2013 Lei Federal n\u00ba 13.709\/2018) e a General Data Protection Regulation (\u201cGDPR\u201d &#8211; lei europeia que trata da prote\u00e7\u00e3o de dados); (ii) Informar sobre como s\u00e3o realizados o tratamento dos dados pessoais coletados pela Amsel &amp; Ara em seu site; Garantir transpar\u00eancia aos titulares de dados pessoais que ela venha a utilizar durante as suas atividades, refor\u00e7ando assim o seu compromisso com a \u00e9tica e a seguran\u00e7a em suas opera\u00e7\u00f5es. 2. Sobre n\u00f3s A Amsel &amp; Ara \u00e9 uma empresa internacional de consultoria especializada, com escrit\u00f3rios em S\u00e3o Paulo e Berlim. Sua atua\u00e7\u00e3o abrange a entrega de solu\u00e7\u00f5es estrat\u00e9gicas para empresas de diferentes setores, conectando conhecimentos globais com as necessidades locais. Combinamos expertise em finan\u00e7as, solu\u00e7\u00f5es baseadas na natureza, carbono, sustentabilidade, ESG, governan\u00e7a corporativa e inova\u00e7\u00e3o para auxiliar os clientes a implementarem pr\u00e1ticas respons\u00e1veis e alinhadas \u00e0s tend\u00eancias regulat\u00f3rias e de mercado, promovendo o desenvolvimento sustent\u00e1vel e a cria\u00e7\u00e3o de valor a longo prazo. A Amsel &amp; Ara adota uma abordagem proativa em rela\u00e7\u00e3o \u00e0 privacidade dos seus dados pessoais e garante que as medidas necess\u00e1rias sejam tomadas para proteger a privacidade e seguran\u00e7a durante a sua experi\u00eancia em nosso site e com nossos servi\u00e7os, conforme ser\u00e1 explicado nessa Pol\u00edtica. 3. Tratamento dos dados pessoais A Amsel &amp; Ara, pessoa jur\u00eddica de direito privado, regularmente constitu\u00edda sob a forma de Dryad Ltda., com sede na Rua Av. Faria Lima, 1739 &#8211; Box 276, CEP: 01452-001, &#8211; S\u00e3o Paulo \u2013 SP, inscrita no CNPJ\/ME sob o n\u00b0 42.389.527\/0001-08. A Amsel &amp; Ara atua como controladora independente em rela\u00e7\u00e3o aos dados pessoais seus dados em nosso site. Exceto quando expressamente informado, a Amsel &amp; Ara n\u00e3o realiza o tratamento de dados pessoais sens\u00edveis. Na eventualidade de ser necess\u00e1rio o tratamento de dados pessoais sens\u00edveis, ser\u00e1 apresentada a devida informa\u00e7\u00e3o a respeito do tratamento desse tipo de dados e ser\u00e1 apresentada uma solicita\u00e7\u00e3o para que manifeste a sua concord\u00e2ncia e consentimento, conforme aplic\u00e1vel nos termos da LGPD e GDPR. 4. Quem \u00e9 o encarregado de dados da Amsel &amp; Ara? Marianna Laranjeira, dispon\u00edvel no e-mail hello@amsel-ara.com Entre em contato com o nosso Encarregado de Dados Pessoais caso voc\u00ea tenha qualquer d\u00favida a respeito de como a Amsel &amp; Ara trata os seus dados pessoais, ou alguma solicita\u00e7\u00e3o, nos termos da Pol\u00edtica. 5. A quem se destina esta Pol\u00edtica? A Amsel &amp; Ara coleta e realiza o tratamento do m\u00ednimo poss\u00edvel dos seus dados pessoais para atender ao seu prop\u00f3sito e apenas utiliza estes dados para as finalidades para as quais foram coletados. Assim, a presente Pol\u00edtica se destina a: 6. Usu\u00e1rios do site Amsel &amp; Ara. Qualquer pessoa que acesse nosso Site. 7. Como a Amsel &amp; Ara utiliza seus dados pessoais e para quais finalidades? Os dados pessoais que coletamos podem ser utilizados para as seguintes finalidades: (i) comunica\u00e7\u00e3o: responder a consultas e fornecer informa\u00e7\u00f5es sobre nossos servi\u00e7os; (ii) marketing: enviar atualiza\u00e7\u00f5es, newsletters ou materiais promocionais (com seu consentimento); (iii) an\u00e1lise e melhoria: monitorar e analisar o desempenho do site para aprimorar a experi\u00eancia do usu\u00e1rio; e (iv) cumprimento legal: atender a obriga\u00e7\u00f5es legais e regulat\u00f3rias, conforme aplic\u00e1vel. Destacamos abaixo os seus dados pessoais que a Amsel &amp; Ara trata, de onde coletamos esses dados, o que nos levou a realizar esses tratamentos e as correspondentes bases legais descritas nos arts. 7\u00ba e\/ou 11 da LGPD. Essas bases legais garantem a legitimidade do uso dos seus dados pela Amsel &amp; Ara de acordo com a LGPD. Caso tenha qualquer d\u00favida ou n\u00e3o concorde com determinada base legal, favor entrar em contato com o Encarregado de Dados Pessoais nos canais indicados na Se\u00e7\u00e3o 2. 8. Usu\u00e1rios do site Amsel &amp; Ara: A Amsel &amp; Ara pode coletar dados pessoais de navega\u00e7\u00e3o por meio de cookies presentes no site, incluindo endere\u00e7o de IP, localiza\u00e7\u00e3o geogr\u00e1fica, tipo de navegador e p\u00e1ginas visitadas em nosso site. Nesse caso, a finalidade para o tratamento \u00e9 possibilitar uma melhor experi\u00eancia ao usu\u00e1rio que trafega pelo site. Ademais, a base legal ser\u00e1 o consentimento para cookies n\u00e3o necess\u00e1rios. 9. Compartilhamento e transfer\u00eancia internacional de dados pessoais A Amsel &amp; Ara poder\u00e1 transferir seus dados para suas unidades no exterior, sobretudo sua representa\u00e7\u00e3o em Berlim, na Alemanha, mas tamb\u00e9m em outros pa\u00edses, desde que estritamente necess\u00e1rio para o cumprimento da finalidade. Neste caso, tamb\u00e9m tomaremos todas as medidas necess\u00e1rias para garantir a confidencialidade, prote\u00e7\u00e3o de dados e seguran\u00e7a da informa\u00e7\u00e3o nos moldes das legisla\u00e7\u00f5es aplic\u00e1veis. A Amsel &amp; Ara n\u00e3o compartilha seus dados pessoais com terceiros, exceto nas seguintes hip\u00f3teses e exclusivamente quando necess\u00e1rio para o cumprimento da finalidade da coleta dos dados: (i) prestadores de servi\u00e7os: podemos compartilhar informa\u00e7\u00f5es com parceiros e fornecedores que nos auxiliam na opera\u00e7\u00e3o do site e na presta\u00e7\u00e3o de nossos servi\u00e7os, garantindo que eles cumpram as mesmas obriga\u00e7\u00f5es de privacidade; e (ii) Requisitos legais: Podemos compartilhar dados pessoais para cumprir uma obriga\u00e7\u00e3o legal, regulat\u00f3ria ou ordem judicial. Ademais, a Amsel &amp; Ara pode ser obrigada a compartilhar os seus dados pessoais com autoridades judiciais e administrativas. Tomaremos todas as medidas necess\u00e1rias para que esse compartilhamento se d\u00ea apenas quando estritamente necess\u00e1rio, garantindo sempre que poss\u00edvel a confidencialidade, prote\u00e7\u00e3o de dados e seguran\u00e7a da informa\u00e7\u00e3o, de maneira a cumprirem integralmente a LGPD e a GDPR. 10. Dura\u00e7\u00e3o do tratamento de dados pessoais A Amsel &amp; Ara somente guardar\u00e1 os seus dados pessoais pelo tempo necess\u00e1rio para o cumprimento das finalidades para as quais eles foram coletados, salvo quando necess\u00e1rio para fins de cumprimento de obriga\u00e7\u00f5es legais, contratuais e regulat\u00f3rias, al\u00e9m de possibilitar a presta\u00e7\u00e3o de contas, a resposta a eventual requisi\u00e7\u00e3o de autoridades competentes e eventual defesa em processo judicial ou administrativo, de acordo com a lei.\" \/>\n<meta property=\"og:url\" content=\"https:\/\/amsel-ara.com\/pt\/politica-de-privacidade-2\/\" \/>\n<meta property=\"og:site_name\" content=\"- Yes, we can be earths first sustainable generation\" \/>\n<meta property=\"article:modified_time\" content=\"2025-03-23T23:33:53+00:00\" \/>\n<meta name=\"twitter:card\" content=\"summary_large_image\" \/>\n<meta name=\"twitter:label1\" content=\"Est. tempo de leitura\" \/>\n\t<meta name=\"twitter:data1\" content=\"7 minutos\" \/>\n<script type=\"application\/ld+json\" class=\"yoast-schema-graph\">{\"@context\":\"https:\/\/schema.org\",\"@graph\":[{\"@type\":\"WebPage\",\"@id\":\"https:\/\/amsel-ara.com\/pt\/politica-de-privacidade-2\/\",\"url\":\"https:\/\/amsel-ara.com\/pt\/politica-de-privacidade-2\/\",\"name\":\"Pol\u00edtica de Privacidade - Yes, we can be earths first sustainable generation\",\"isPartOf\":{\"@id\":\"https:\/\/amsel-ara.com\/pt\/#website\"},\"datePublished\":\"2025-03-23T23:21:49+00:00\",\"dateModified\":\"2025-03-23T23:33:53+00:00\",\"breadcrumb\":{\"@id\":\"https:\/\/amsel-ara.com\/pt\/politica-de-privacidade-2\/#breadcrumb\"},\"inLanguage\":\"pt-BR\",\"potentialAction\":[{\"@type\":\"ReadAction\",\"target\":[\"https:\/\/amsel-ara.com\/pt\/politica-de-privacidade-2\/\"]}]},{\"@type\":\"BreadcrumbList\",\"@id\":\"https:\/\/amsel-ara.com\/pt\/politica-de-privacidade-2\/#breadcrumb\",\"itemListElement\":[{\"@type\":\"ListItem\",\"position\":1,\"name\":\"Home\",\"item\":\"https:\/\/amsel-ara.com\/pt\/\"},{\"@type\":\"ListItem\",\"position\":2,\"name\":\"Pol\u00edtica de Privacidade\"}]},{\"@type\":\"WebSite\",\"@id\":\"https:\/\/amsel-ara.com\/pt\/#website\",\"url\":\"https:\/\/amsel-ara.com\/pt\/\",\"name\":\"- Yes, we can be earths first sustainable generation\",\"description\":\"Build a future-proof, resilient business through corporate governance excellence and ESG principles.\",\"publisher\":{\"@id\":\"https:\/\/amsel-ara.com\/pt\/#organization\"},\"potentialAction\":[{\"@type\":\"SearchAction\",\"target\":{\"@type\":\"EntryPoint\",\"urlTemplate\":\"https:\/\/amsel-ara.com\/pt\/?s={search_term_string}\"},\"query-input\":{\"@type\":\"PropertyValueSpecification\",\"valueRequired\":true,\"valueName\":\"search_term_string\"}}],\"inLanguage\":\"pt-BR\"},{\"@type\":\"Organization\",\"@id\":\"https:\/\/amsel-ara.com\/pt\/#organization\",\"name\":\"Amsel & Ara - Yes, we can be earths first sustainable generation\",\"url\":\"https:\/\/amsel-ara.com\/pt\/\",\"logo\":{\"@type\":\"ImageObject\",\"inLanguage\":\"pt-BR\",\"@id\":\"https:\/\/amsel-ara.com\/pt\/#\/schema\/logo\/image\/\",\"url\":\"https:\/\/amsel-ara.com\/wp-content\/uploads\/2022\/04\/Amsel_Ara_Logo_web.jpg\",\"contentUrl\":\"https:\/\/amsel-ara.com\/wp-content\/uploads\/2022\/04\/Amsel_Ara_Logo_web.jpg\",\"width\":1652,\"height\":472,\"caption\":\"Amsel & Ara - Yes, we can be earths first sustainable generation\"},\"image\":{\"@id\":\"https:\/\/amsel-ara.com\/pt\/#\/schema\/logo\/image\/\"}}]}<\/script>\n<!-- \/ Yoast SEO plugin. -->","yoast_head_json":{"title":"Pol\u00edtica de Privacidade - Yes, we can be earths first sustainable generation","robots":{"index":"index","follow":"follow","max-snippet":"max-snippet:-1","max-image-preview":"max-image-preview:large","max-video-preview":"max-video-preview:-1"},"canonical":"https:\/\/amsel-ara.com\/pt\/politica-de-privacidade-2\/","og_locale":"pt_BR","og_type":"article","og_title":"Pol\u00edtica de Privacidade - Yes, we can be earths first sustainable generation","og_description":"Voltar Pol\u00edtica de Privacidade Amsel &amp; Ara (\u201cPol\u00edtica\u201d) Atualizada em 19\/11\/2024 1. Sobre S\u00e3o objetivos desta Pol\u00edtica: (i) Estabelecer as diretrizes que asseguram e refor\u00e7am o compromisso da Amsel &amp; Ara com o cumprimento das legisla\u00e7\u00f5es aplic\u00e1veis \u00e0 prote\u00e7\u00e3o da sua privacidade e dos seus dados pessoais, sobretudo a Lei Geral de Prote\u00e7\u00e3o de Dados Pessoais (\u201cLGPD\u201d \u2013 Lei Federal n\u00ba 13.709\/2018) e a General Data Protection Regulation (\u201cGDPR\u201d &#8211; lei europeia que trata da prote\u00e7\u00e3o de dados); (ii) Informar sobre como s\u00e3o realizados o tratamento dos dados pessoais coletados pela Amsel &amp; Ara em seu site; Garantir transpar\u00eancia aos titulares de dados pessoais que ela venha a utilizar durante as suas atividades, refor\u00e7ando assim o seu compromisso com a \u00e9tica e a seguran\u00e7a em suas opera\u00e7\u00f5es. 2. Sobre n\u00f3s A Amsel &amp; Ara \u00e9 uma empresa internacional de consultoria especializada, com escrit\u00f3rios em S\u00e3o Paulo e Berlim. Sua atua\u00e7\u00e3o abrange a entrega de solu\u00e7\u00f5es estrat\u00e9gicas para empresas de diferentes setores, conectando conhecimentos globais com as necessidades locais. Combinamos expertise em finan\u00e7as, solu\u00e7\u00f5es baseadas na natureza, carbono, sustentabilidade, ESG, governan\u00e7a corporativa e inova\u00e7\u00e3o para auxiliar os clientes a implementarem pr\u00e1ticas respons\u00e1veis e alinhadas \u00e0s tend\u00eancias regulat\u00f3rias e de mercado, promovendo o desenvolvimento sustent\u00e1vel e a cria\u00e7\u00e3o de valor a longo prazo. A Amsel &amp; Ara adota uma abordagem proativa em rela\u00e7\u00e3o \u00e0 privacidade dos seus dados pessoais e garante que as medidas necess\u00e1rias sejam tomadas para proteger a privacidade e seguran\u00e7a durante a sua experi\u00eancia em nosso site e com nossos servi\u00e7os, conforme ser\u00e1 explicado nessa Pol\u00edtica. 3. Tratamento dos dados pessoais A Amsel &amp; Ara, pessoa jur\u00eddica de direito privado, regularmente constitu\u00edda sob a forma de Dryad Ltda., com sede na Rua Av. Faria Lima, 1739 &#8211; Box 276, CEP: 01452-001, &#8211; S\u00e3o Paulo \u2013 SP, inscrita no CNPJ\/ME sob o n\u00b0 42.389.527\/0001-08. A Amsel &amp; Ara atua como controladora independente em rela\u00e7\u00e3o aos dados pessoais seus dados em nosso site. Exceto quando expressamente informado, a Amsel &amp; Ara n\u00e3o realiza o tratamento de dados pessoais sens\u00edveis. Na eventualidade de ser necess\u00e1rio o tratamento de dados pessoais sens\u00edveis, ser\u00e1 apresentada a devida informa\u00e7\u00e3o a respeito do tratamento desse tipo de dados e ser\u00e1 apresentada uma solicita\u00e7\u00e3o para que manifeste a sua concord\u00e2ncia e consentimento, conforme aplic\u00e1vel nos termos da LGPD e GDPR. 4. Quem \u00e9 o encarregado de dados da Amsel &amp; Ara? Marianna Laranjeira, dispon\u00edvel no e-mail hello@amsel-ara.com Entre em contato com o nosso Encarregado de Dados Pessoais caso voc\u00ea tenha qualquer d\u00favida a respeito de como a Amsel &amp; Ara trata os seus dados pessoais, ou alguma solicita\u00e7\u00e3o, nos termos da Pol\u00edtica. 5. A quem se destina esta Pol\u00edtica? A Amsel &amp; Ara coleta e realiza o tratamento do m\u00ednimo poss\u00edvel dos seus dados pessoais para atender ao seu prop\u00f3sito e apenas utiliza estes dados para as finalidades para as quais foram coletados. Assim, a presente Pol\u00edtica se destina a: 6. Usu\u00e1rios do site Amsel &amp; Ara. Qualquer pessoa que acesse nosso Site. 7. Como a Amsel &amp; Ara utiliza seus dados pessoais e para quais finalidades? Os dados pessoais que coletamos podem ser utilizados para as seguintes finalidades: (i) comunica\u00e7\u00e3o: responder a consultas e fornecer informa\u00e7\u00f5es sobre nossos servi\u00e7os; (ii) marketing: enviar atualiza\u00e7\u00f5es, newsletters ou materiais promocionais (com seu consentimento); (iii) an\u00e1lise e melhoria: monitorar e analisar o desempenho do site para aprimorar a experi\u00eancia do usu\u00e1rio; e (iv) cumprimento legal: atender a obriga\u00e7\u00f5es legais e regulat\u00f3rias, conforme aplic\u00e1vel. Destacamos abaixo os seus dados pessoais que a Amsel &amp; Ara trata, de onde coletamos esses dados, o que nos levou a realizar esses tratamentos e as correspondentes bases legais descritas nos arts. 7\u00ba e\/ou 11 da LGPD. Essas bases legais garantem a legitimidade do uso dos seus dados pela Amsel &amp; Ara de acordo com a LGPD. Caso tenha qualquer d\u00favida ou n\u00e3o concorde com determinada base legal, favor entrar em contato com o Encarregado de Dados Pessoais nos canais indicados na Se\u00e7\u00e3o 2. 8. Usu\u00e1rios do site Amsel &amp; Ara: A Amsel &amp; Ara pode coletar dados pessoais de navega\u00e7\u00e3o por meio de cookies presentes no site, incluindo endere\u00e7o de IP, localiza\u00e7\u00e3o geogr\u00e1fica, tipo de navegador e p\u00e1ginas visitadas em nosso site. Nesse caso, a finalidade para o tratamento \u00e9 possibilitar uma melhor experi\u00eancia ao usu\u00e1rio que trafega pelo site. Ademais, a base legal ser\u00e1 o consentimento para cookies n\u00e3o necess\u00e1rios. 9. Compartilhamento e transfer\u00eancia internacional de dados pessoais A Amsel &amp; Ara poder\u00e1 transferir seus dados para suas unidades no exterior, sobretudo sua representa\u00e7\u00e3o em Berlim, na Alemanha, mas tamb\u00e9m em outros pa\u00edses, desde que estritamente necess\u00e1rio para o cumprimento da finalidade. Neste caso, tamb\u00e9m tomaremos todas as medidas necess\u00e1rias para garantir a confidencialidade, prote\u00e7\u00e3o de dados e seguran\u00e7a da informa\u00e7\u00e3o nos moldes das legisla\u00e7\u00f5es aplic\u00e1veis. A Amsel &amp; Ara n\u00e3o compartilha seus dados pessoais com terceiros, exceto nas seguintes hip\u00f3teses e exclusivamente quando necess\u00e1rio para o cumprimento da finalidade da coleta dos dados: (i) prestadores de servi\u00e7os: podemos compartilhar informa\u00e7\u00f5es com parceiros e fornecedores que nos auxiliam na opera\u00e7\u00e3o do site e na presta\u00e7\u00e3o de nossos servi\u00e7os, garantindo que eles cumpram as mesmas obriga\u00e7\u00f5es de privacidade; e (ii) Requisitos legais: Podemos compartilhar dados pessoais para cumprir uma obriga\u00e7\u00e3o legal, regulat\u00f3ria ou ordem judicial. Ademais, a Amsel &amp; Ara pode ser obrigada a compartilhar os seus dados pessoais com autoridades judiciais e administrativas. Tomaremos todas as medidas necess\u00e1rias para que esse compartilhamento se d\u00ea apenas quando estritamente necess\u00e1rio, garantindo sempre que poss\u00edvel a confidencialidade, prote\u00e7\u00e3o de dados e seguran\u00e7a da informa\u00e7\u00e3o, de maneira a cumprirem integralmente a LGPD e a GDPR. 10. Dura\u00e7\u00e3o do tratamento de dados pessoais A Amsel &amp; Ara somente guardar\u00e1 os seus dados pessoais pelo tempo necess\u00e1rio para o cumprimento das finalidades para as quais eles foram coletados, salvo quando necess\u00e1rio para fins de cumprimento de obriga\u00e7\u00f5es legais, contratuais e regulat\u00f3rias, al\u00e9m de possibilitar a presta\u00e7\u00e3o de contas, a resposta a eventual requisi\u00e7\u00e3o de autoridades competentes e eventual defesa em processo judicial ou administrativo, de acordo com a lei.","og_url":"https:\/\/amsel-ara.com\/pt\/politica-de-privacidade-2\/","og_site_name":"- Yes, we can be earths first sustainable generation","article_modified_time":"2025-03-23T23:33:53+00:00","twitter_card":"summary_large_image","twitter_misc":{"Est. tempo de leitura":"7 minutos"},"schema":{"@context":"https:\/\/schema.org","@graph":[{"@type":"WebPage","@id":"https:\/\/amsel-ara.com\/pt\/politica-de-privacidade-2\/","url":"https:\/\/amsel-ara.com\/pt\/politica-de-privacidade-2\/","name":"Pol\u00edtica de Privacidade - Yes, we can be earths first sustainable generation","isPartOf":{"@id":"https:\/\/amsel-ara.com\/pt\/#website"},"datePublished":"2025-03-23T23:21:49+00:00","dateModified":"2025-03-23T23:33:53+00:00","breadcrumb":{"@id":"https:\/\/amsel-ara.com\/pt\/politica-de-privacidade-2\/#breadcrumb"},"inLanguage":"pt-BR","potentialAction":[{"@type":"ReadAction","target":["https:\/\/amsel-ara.com\/pt\/politica-de-privacidade-2\/"]}]},{"@type":"BreadcrumbList","@id":"https:\/\/amsel-ara.com\/pt\/politica-de-privacidade-2\/#breadcrumb","itemListElement":[{"@type":"ListItem","position":1,"name":"Home","item":"https:\/\/amsel-ara.com\/pt\/"},{"@type":"ListItem","position":2,"name":"Pol\u00edtica de Privacidade"}]},{"@type":"WebSite","@id":"https:\/\/amsel-ara.com\/pt\/#website","url":"https:\/\/amsel-ara.com\/pt\/","name":"- Yes, we can be earths first sustainable generation","description":"Build a future-proof, resilient business through corporate governance excellence and ESG principles.","publisher":{"@id":"https:\/\/amsel-ara.com\/pt\/#organization"},"potentialAction":[{"@type":"SearchAction","target":{"@type":"EntryPoint","urlTemplate":"https:\/\/amsel-ara.com\/pt\/?s={search_term_string}"},"query-input":{"@type":"PropertyValueSpecification","valueRequired":true,"valueName":"search_term_string"}}],"inLanguage":"pt-BR"},{"@type":"Organization","@id":"https:\/\/amsel-ara.com\/pt\/#organization","name":"Amsel & Ara - Yes, we can be earths first sustainable generation","url":"https:\/\/amsel-ara.com\/pt\/","logo":{"@type":"ImageObject","inLanguage":"pt-BR","@id":"https:\/\/amsel-ara.com\/pt\/#\/schema\/logo\/image\/","url":"https:\/\/amsel-ara.com\/wp-content\/uploads\/2022\/04\/Amsel_Ara_Logo_web.jpg","contentUrl":"https:\/\/amsel-ara.com\/wp-content\/uploads\/2022\/04\/Amsel_Ara_Logo_web.jpg","width":1652,"height":472,"caption":"Amsel & Ara - Yes, we can be earths first sustainable generation"},"image":{"@id":"https:\/\/amsel-ara.com\/pt\/#\/schema\/logo\/image\/"}}]}},"rttpg_featured_image_url":null,"rttpg_author":{"display_name":"admin","author_link":"https:\/\/amsel-ara.com\/pt\/author\/admin\/"},"rttpg_comment":0,"rttpg_category":" <a href=\"https:\/\/amsel-ara.com\/pt\/\" rel=\"tag\">Portugu\u00eas<\/a>","rttpg_excerpt":"Voltar Pol\u00edtica de Privacidade Amsel &amp; Ara (\u201cPol\u00edtica\u201d) Atualizada em 19\/11\/2024 1. Sobre S\u00e3o objetivos desta Pol\u00edtica: (i) Estabelecer as diretrizes que asseguram e refor\u00e7am o compromisso da Amsel &amp; Ara com o cumprimento das legisla\u00e7\u00f5es aplic\u00e1veis \u00e0 prote\u00e7\u00e3o da sua privacidade e dos seus dados pessoais, sobretudo a Lei Geral de Prote\u00e7\u00e3o de Dados&hellip;","_links":{"self":[{"href":"https:\/\/amsel-ara.com\/pt\/wp-json\/wp\/v2\/pages\/2911","targetHints":{"allow":["GET"]}}],"collection":[{"href":"https:\/\/amsel-ara.com\/pt\/wp-json\/wp\/v2\/pages"}],"about":[{"href":"https:\/\/amsel-ara.com\/pt\/wp-json\/wp\/v2\/types\/page"}],"author":[{"embeddable":true,"href":"https:\/\/amsel-ara.com\/pt\/wp-json\/wp\/v2\/users\/1"}],"replies":[{"embeddable":true,"href":"https:\/\/amsel-ara.com\/pt\/wp-json\/wp\/v2\/comments?post=2911"}],"version-history":[{"count":8,"href":"https:\/\/amsel-ara.com\/pt\/wp-json\/wp\/v2\/pages\/2911\/revisions"}],"predecessor-version":[{"id":2946,"href":"https:\/\/amsel-ara.com\/pt\/wp-json\/wp\/v2\/pages\/2911\/revisions\/2946"}],"wp:attachment":[{"href":"https:\/\/amsel-ara.com\/pt\/wp-json\/wp\/v2\/media?parent=2911"}],"curies":[{"name":"wp","href":"https:\/\/api.w.org\/{rel}","templated":true}]}}