{"version":"1.0","provider_name":"- Yes, we can be earths first sustainable generation","provider_url":"https:\/\/amsel-ara.com\/pt\/","author_name":"admin","author_url":"https:\/\/amsel-ara.com\/pt\/author\/admin\/","title":"Pol\u00edtica de Privacidade - Yes, we can be earths first sustainable generation","type":"rich","width":600,"height":338,"html":"<blockquote class=\"wp-embedded-content\" data-secret=\"7Yv16hUhke\"><a href=\"https:\/\/amsel-ara.com\/pt\/politica-de-privacidade-2\/\">Pol\u00edtica de Privacidade<\/a><\/blockquote><iframe sandbox=\"allow-scripts\" security=\"restricted\" src=\"https:\/\/amsel-ara.com\/pt\/politica-de-privacidade-2\/embed\/#?secret=7Yv16hUhke\" width=\"600\" height=\"338\" title=\"&#8220;Pol\u00edtica de Privacidade&#8221; &#8212; - Yes, we can be earths first sustainable generation\" data-secret=\"7Yv16hUhke\" frameborder=\"0\" marginwidth=\"0\" marginheight=\"0\" scrolling=\"no\" class=\"wp-embedded-content\"><\/iframe><script>\n\/*! This file is auto-generated *\/\n!function(d,l){\"use strict\";l.querySelector&&d.addEventListener&&\"undefined\"!=typeof URL&&(d.wp=d.wp||{},d.wp.receiveEmbedMessage||(d.wp.receiveEmbedMessage=function(e){var t=e.data;if((t||t.secret||t.message||t.value)&&!\/[^a-zA-Z0-9]\/.test(t.secret)){for(var s,r,n,a=l.querySelectorAll('iframe[data-secret=\"'+t.secret+'\"]'),o=l.querySelectorAll('blockquote[data-secret=\"'+t.secret+'\"]'),c=new RegExp(\"^https?:$\",\"i\"),i=0;i<o.length;i++)o[i].style.display=\"none\";for(i=0;i<a.length;i++)s=a[i],e.source===s.contentWindow&&(s.removeAttribute(\"style\"),\"height\"===t.message?(1e3<(r=parseInt(t.value,10))?r=1e3:~~r<200&&(r=200),s.height=r):\"link\"===t.message&&(r=new URL(s.getAttribute(\"src\")),n=new URL(t.value),c.test(n.protocol))&&n.host===r.host&&l.activeElement===s&&(d.top.location.href=t.value))}},d.addEventListener(\"message\",d.wp.receiveEmbedMessage,!1),l.addEventListener(\"DOMContentLoaded\",function(){for(var e,t,s=l.querySelectorAll(\"iframe.wp-embedded-content\"),r=0;r<s.length;r++)(t=(e=s[r]).getAttribute(\"data-secret\"))||(t=Math.random().toString(36).substring(2,12),e.src+=\"#?secret=\"+t,e.setAttribute(\"data-secret\",t)),e.contentWindow.postMessage({message:\"ready\",secret:t},\"*\")},!1)))}(window,document);\n<\/script>","description":"Voltar Pol\u00edtica de Privacidade Amsel &amp; Ara (\u201cPol\u00edtica\u201d) Atualizada em 19\/11\/2024 1. Sobre S\u00e3o objetivos desta Pol\u00edtica: (i) Estabelecer as diretrizes que asseguram e refor\u00e7am o compromisso da Amsel &amp; Ara com o cumprimento das legisla\u00e7\u00f5es aplic\u00e1veis \u00e0 prote\u00e7\u00e3o da sua privacidade e dos seus dados pessoais, sobretudo a Lei Geral de Prote\u00e7\u00e3o de Dados Pessoais (\u201cLGPD\u201d \u2013 Lei Federal n\u00ba 13.709\/2018) e a General Data Protection Regulation (\u201cGDPR\u201d &#8211; lei europeia que trata da prote\u00e7\u00e3o de dados); (ii) Informar sobre como s\u00e3o realizados o tratamento dos dados pessoais coletados pela Amsel &amp; Ara em seu site; Garantir transpar\u00eancia aos titulares de dados pessoais que ela venha a utilizar durante as suas atividades, refor\u00e7ando assim o seu compromisso com a \u00e9tica e a seguran\u00e7a em suas opera\u00e7\u00f5es. 2. Sobre n\u00f3s A Amsel &amp; Ara \u00e9 uma empresa internacional de consultoria especializada, com escrit\u00f3rios em S\u00e3o Paulo e Berlim. Sua atua\u00e7\u00e3o abrange a entrega de solu\u00e7\u00f5es estrat\u00e9gicas para empresas de diferentes setores, conectando conhecimentos globais com as necessidades locais. Combinamos expertise em finan\u00e7as, solu\u00e7\u00f5es baseadas na natureza, carbono, sustentabilidade, ESG, governan\u00e7a corporativa e inova\u00e7\u00e3o para auxiliar os clientes a implementarem pr\u00e1ticas respons\u00e1veis e alinhadas \u00e0s tend\u00eancias regulat\u00f3rias e de mercado, promovendo o desenvolvimento sustent\u00e1vel e a cria\u00e7\u00e3o de valor a longo prazo. A Amsel &amp; Ara adota uma abordagem proativa em rela\u00e7\u00e3o \u00e0 privacidade dos seus dados pessoais e garante que as medidas necess\u00e1rias sejam tomadas para proteger a privacidade e seguran\u00e7a durante a sua experi\u00eancia em nosso site e com nossos servi\u00e7os, conforme ser\u00e1 explicado nessa Pol\u00edtica. 3. Tratamento dos dados pessoais A Amsel &amp; Ara, pessoa jur\u00eddica de direito privado, regularmente constitu\u00edda sob a forma de Dryad Ltda., com sede na Rua Av. Faria Lima, 1739 &#8211; Box 276, CEP: 01452-001, &#8211; S\u00e3o Paulo \u2013 SP, inscrita no CNPJ\/ME sob o n\u00b0 42.389.527\/0001-08. A Amsel &amp; Ara atua como controladora independente em rela\u00e7\u00e3o aos dados pessoais seus dados em nosso site. Exceto quando expressamente informado, a Amsel &amp; Ara n\u00e3o realiza o tratamento de dados pessoais sens\u00edveis. Na eventualidade de ser necess\u00e1rio o tratamento de dados pessoais sens\u00edveis, ser\u00e1 apresentada a devida informa\u00e7\u00e3o a respeito do tratamento desse tipo de dados e ser\u00e1 apresentada uma solicita\u00e7\u00e3o para que manifeste a sua concord\u00e2ncia e consentimento, conforme aplic\u00e1vel nos termos da LGPD e GDPR. 4. Quem \u00e9 o encarregado de dados da Amsel &amp; Ara? Marianna Laranjeira, dispon\u00edvel no e-mail hello@amsel-ara.com Entre em contato com o nosso Encarregado de Dados Pessoais caso voc\u00ea tenha qualquer d\u00favida a respeito de como a Amsel &amp; Ara trata os seus dados pessoais, ou alguma solicita\u00e7\u00e3o, nos termos da Pol\u00edtica. 5. A quem se destina esta Pol\u00edtica? A Amsel &amp; Ara coleta e realiza o tratamento do m\u00ednimo poss\u00edvel dos seus dados pessoais para atender ao seu prop\u00f3sito e apenas utiliza estes dados para as finalidades para as quais foram coletados. Assim, a presente Pol\u00edtica se destina a: 6. Usu\u00e1rios do site Amsel &amp; Ara. Qualquer pessoa que acesse nosso Site. 7. Como a Amsel &amp; Ara utiliza seus dados pessoais e para quais finalidades? Os dados pessoais que coletamos podem ser utilizados para as seguintes finalidades: (i) comunica\u00e7\u00e3o: responder a consultas e fornecer informa\u00e7\u00f5es sobre nossos servi\u00e7os; (ii) marketing: enviar atualiza\u00e7\u00f5es, newsletters ou materiais promocionais (com seu consentimento); (iii) an\u00e1lise e melhoria: monitorar e analisar o desempenho do site para aprimorar a experi\u00eancia do usu\u00e1rio; e (iv) cumprimento legal: atender a obriga\u00e7\u00f5es legais e regulat\u00f3rias, conforme aplic\u00e1vel. Destacamos abaixo os seus dados pessoais que a Amsel &amp; Ara trata, de onde coletamos esses dados, o que nos levou a realizar esses tratamentos e as correspondentes bases legais descritas nos arts. 7\u00ba e\/ou 11 da LGPD. Essas bases legais garantem a legitimidade do uso dos seus dados pela Amsel &amp; Ara de acordo com a LGPD. Caso tenha qualquer d\u00favida ou n\u00e3o concorde com determinada base legal, favor entrar em contato com o Encarregado de Dados Pessoais nos canais indicados na Se\u00e7\u00e3o 2. 8. Usu\u00e1rios do site Amsel &amp; Ara: A Amsel &amp; Ara pode coletar dados pessoais de navega\u00e7\u00e3o por meio de cookies presentes no site, incluindo endere\u00e7o de IP, localiza\u00e7\u00e3o geogr\u00e1fica, tipo de navegador e p\u00e1ginas visitadas em nosso site. Nesse caso, a finalidade para o tratamento \u00e9 possibilitar uma melhor experi\u00eancia ao usu\u00e1rio que trafega pelo site. Ademais, a base legal ser\u00e1 o consentimento para cookies n\u00e3o necess\u00e1rios. 9. Compartilhamento e transfer\u00eancia internacional de dados pessoais A Amsel &amp; Ara poder\u00e1 transferir seus dados para suas unidades no exterior, sobretudo sua representa\u00e7\u00e3o em Berlim, na Alemanha, mas tamb\u00e9m em outros pa\u00edses, desde que estritamente necess\u00e1rio para o cumprimento da finalidade. Neste caso, tamb\u00e9m tomaremos todas as medidas necess\u00e1rias para garantir a confidencialidade, prote\u00e7\u00e3o de dados e seguran\u00e7a da informa\u00e7\u00e3o nos moldes das legisla\u00e7\u00f5es aplic\u00e1veis. A Amsel &amp; Ara n\u00e3o compartilha seus dados pessoais com terceiros, exceto nas seguintes hip\u00f3teses e exclusivamente quando necess\u00e1rio para o cumprimento da finalidade da coleta dos dados: (i) prestadores de servi\u00e7os: podemos compartilhar informa\u00e7\u00f5es com parceiros e fornecedores que nos auxiliam na opera\u00e7\u00e3o do site e na presta\u00e7\u00e3o de nossos servi\u00e7os, garantindo que eles cumpram as mesmas obriga\u00e7\u00f5es de privacidade; e (ii) Requisitos legais: Podemos compartilhar dados pessoais para cumprir uma obriga\u00e7\u00e3o legal, regulat\u00f3ria ou ordem judicial. Ademais, a Amsel &amp; Ara pode ser obrigada a compartilhar os seus dados pessoais com autoridades judiciais e administrativas. Tomaremos todas as medidas necess\u00e1rias para que esse compartilhamento se d\u00ea apenas quando estritamente necess\u00e1rio, garantindo sempre que poss\u00edvel a confidencialidade, prote\u00e7\u00e3o de dados e seguran\u00e7a da informa\u00e7\u00e3o, de maneira a cumprirem integralmente a LGPD e a GDPR. 10. Dura\u00e7\u00e3o do tratamento de dados pessoais A Amsel &amp; Ara somente guardar\u00e1 os seus dados pessoais pelo tempo necess\u00e1rio para o cumprimento das finalidades para as quais eles foram coletados, salvo quando necess\u00e1rio para fins de cumprimento de obriga\u00e7\u00f5es legais, contratuais e regulat\u00f3rias, al\u00e9m de possibilitar a presta\u00e7\u00e3o de contas, a resposta a eventual requisi\u00e7\u00e3o de autoridades competentes e eventual defesa em processo judicial ou administrativo, de acordo com a lei."}